{"id":6874,"date":"2025-02-04T20:20:09","date_gmt":"2025-02-04T19:20:09","guid":{"rendered":"https:\/\/sombramadrid.com\/?page_id=6874"},"modified":"2025-03-14T09:57:35","modified_gmt":"2025-03-14T08:57:35","slug":"programacion-sombra-madrid-2025","status":"publish","type":"page","link":"https:\/\/sombramadrid.com\/en\/programacion-sombra-madrid-2025\/","title":{"rendered":"PROGRAMACI\u00d3N SOMBRA MADRID 2025"},"content":{"rendered":"<h2 class=\"wp-block-heading\">&nbsp;<\/h2>\n\n\n\n<div class=\"wp-block-buttons is-content-justification-center is-layout-flex wp-container-core-buttons-is-layout-1 wp-block-buttons-is-layout-flex\">\n<div class=\"wp-block-button\"><a class=\"wp-block-button__link has-vivid-red-background-color has-background wp-element-button\" href=\"https:\/\/sombramadrid.com\/wp-content\/uploads\/2025\/03\/2200-h.pdf\" style=\"border-radius:56px\">DESCARGAR PROGRAMACI\u00d3N SOMBRA MADRID 2025<\/a><\/div>\n<\/div>\n\n\n\n<h3 class=\"wp-block-heading has-text-align-center\">Domingo, 16 de marzo<\/h3>\n\n\n\n<hr class=\"wp-block-separator has-text-color has-background has-very-light-gray-background-color has-very-light-gray-color is-style-wide\"\/>\n\n\n\n<div class=\"wp-block-columns is-layout-flex wp-container-core-columns-is-layout-2 wp-block-columns-is-layout-flex\">\n<div class=\"wp-block-column is-layout-flow wp-block-column-is-layout-flow\">\n<figure class=\"wp-block-image size-full td-caption-align-https:\/\/sombramadrid.com\/wp-content\/uploads\/2024\/02\/Darkman-scaled.jpg\"><img loading=\"lazy\" decoding=\"async\" width=\"615\" height=\"923\" src=\"https:\/\/sombramadrid.com\/wp-content\/uploads\/2025\/01\/die_hard-336213173-large.jpg\" alt=\"\" class=\"wp-image-6876\" srcset=\"https:\/\/sombramadrid.com\/wp-content\/uploads\/2025\/01\/die_hard-336213173-large.jpg 615w, https:\/\/sombramadrid.com\/wp-content\/uploads\/2025\/01\/die_hard-336213173-large-200x300.jpg 200w, https:\/\/sombramadrid.com\/wp-content\/uploads\/2025\/01\/die_hard-336213173-large-8x12.jpg 8w, https:\/\/sombramadrid.com\/wp-content\/uploads\/2025\/01\/die_hard-336213173-large-280x420.jpg 280w\" sizes=\"auto, (max-width: 615px) 100vw, 615px\" \/><\/figure>\n<\/div>\n\n\n\n<div class=\"wp-block-column is-layout-flow wp-block-column-is-layout-flow\">\n<p class=\"has-very-dark-gray-color has-cyan-bluish-gray-background-color has-text-color has-background\"><strong>Jungla de Cristal<\/strong> <strong>| Retrospectiva<\/strong><\/p>\n\n\n\n<p class=\"has-very-dark-gray-color has-very-light-gray-background-color has-text-color has-background\"><strong><strong>Hora: <\/strong><\/strong>20:00<strong><strong><br>\u00bfD\u00f3nde?: &nbsp;<\/strong><\/strong>Palacio de la Prensa (Sala 1)<\/p>\n\n\n\n<p class=\"has-very-dark-gray-color has-luminous-vivid-amber-background-color has-text-color has-background\"><strong>Presentada por John McTiernan<\/strong><\/p>\n\n\n\n<p class=\"has-very-dark-gray-color has-luminous-vivid-amber-background-color has-text-color has-background\"><strong>Q&amp;A posterior con John McTiernan<\/strong><\/p>\n\n\n\n<p>&nbsp;<\/p>\n\n\n\n<div class=\"wp-block-columns is-layout-flex wp-container-core-columns-is-layout-1 wp-block-columns-is-layout-flex\">\n<div class=\"wp-block-column is-layout-flow wp-block-column-is-layout-flow\">\n<div class=\"wp-block-buttons is-layout-flex wp-block-buttons-is-layout-flex\">\n<div class=\"wp-block-button\"><a class=\"wp-block-button__link has-very-light-gray-color has-vivid-red-background-color has-text-color has-background wp-element-button\" href=\"https:\/\/sombramadrid.com\/en\/largometrajes-sombra-2025\/jungla-de-cristal-retrospectiva\/\">M\u00c1S INFORMACI\u00d3N<\/a><\/div>\n<\/div>\n<\/div>\n\n\n\n<div class=\"wp-block-column is-layout-flow wp-block-column-is-layout-flow\">\n<div class=\"wp-block-buttons is-layout-flex wp-block-buttons-is-layout-flex\">\n<div class=\"wp-block-button\"><a class=\"wp-block-button__link wp-element-button\" href=\"https:\/\/ticketandroll.com\/evento\/jungla-de-cristal-en-palacio-de-la-prensa-sala-1-presentado-por-john-mctiernan\">COMPRAR ENTRADAS<\/a><\/div>\n<\/div>\n<\/div>\n<\/div>\n<\/div>\n<\/div>\n\n\n\n<h3 class=\"wp-block-heading has-text-align-center\">Martes, 18 de marzo<\/h3>\n\n\n\n<div class=\"wp-block-columns is-layout-flex wp-container-core-columns-is-layout-4 wp-block-columns-is-layout-flex\">\n<div class=\"wp-block-column is-layout-flow wp-block-column-is-layout-flow\">\n<figure class=\"wp-block-image size-large\"><img loading=\"lazy\" decoding=\"async\" width=\"731\" height=\"1024\" src=\"https:\/\/sombramadrid.com\/wp-content\/uploads\/2025\/01\/twilight_of_the_warriors_walled_in-697638536-large-731x1024.jpg\" alt=\"\" class=\"wp-image-6842\" srcset=\"https:\/\/sombramadrid.com\/wp-content\/uploads\/2025\/01\/twilight_of_the_warriors_walled_in-697638536-large-731x1024.jpg 731w, https:\/\/sombramadrid.com\/wp-content\/uploads\/2025\/01\/twilight_of_the_warriors_walled_in-697638536-large-214x300.jpg 214w, https:\/\/sombramadrid.com\/wp-content\/uploads\/2025\/01\/twilight_of_the_warriors_walled_in-697638536-large-768x1076.jpg 768w, https:\/\/sombramadrid.com\/wp-content\/uploads\/2025\/01\/twilight_of_the_warriors_walled_in-697638536-large-9x12.jpg 9w, https:\/\/sombramadrid.com\/wp-content\/uploads\/2025\/01\/twilight_of_the_warriors_walled_in-697638536-large-300x420.jpg 300w, https:\/\/sombramadrid.com\/wp-content\/uploads\/2025\/01\/twilight_of_the_warriors_walled_in-697638536-large-696x975.jpg 696w, https:\/\/sombramadrid.com\/wp-content\/uploads\/2025\/01\/twilight_of_the_warriors_walled_in-697638536-large.jpg 771w\" sizes=\"auto, (max-width: 731px) 100vw, 731px\" \/><\/figure>\n<\/div>\n\n\n\n<div class=\"wp-block-column is-layout-flow wp-block-column-is-layout-flow\">\n<p class=\"has-very-dark-gray-color has-cyan-bluish-gray-background-color has-text-color has-background\"><strong>Twilight of the Warriors: Walled In<\/strong> <strong>| Ciclo Asiavisi\u00f3n<\/strong> <strong>+ Cortometraje sorpresa fuera de competici\u00f3n<\/strong><\/p>\n\n\n\n<p class=\"has-very-dark-gray-color has-very-light-gray-background-color has-text-color has-background\"><strong><strong>Hora: <\/strong><\/strong>17:30<strong><strong><br>\u00bfD\u00f3nde?: &nbsp;<\/strong><\/strong>Sala Berlanga<\/p>\n\n\n\n<div class=\"wp-block-columns is-layout-flex wp-container-core-columns-is-layout-3 wp-block-columns-is-layout-flex\">\n<div class=\"wp-block-column is-layout-flow wp-block-column-is-layout-flow\">\n<div class=\"wp-block-buttons is-layout-flex wp-block-buttons-is-layout-flex\">\n<div class=\"wp-block-button\"><a class=\"wp-block-button__link has-very-light-gray-color has-vivid-red-background-color has-text-color has-background wp-element-button\" href=\"https:\/\/sombramadrid.com\/en\/largometrajes-sombra-2025\/twilight-of-the-warriors-walled-in-asiavision\/\">M\u00c1S INFORMACI\u00d3N<\/a><\/div>\n<\/div>\n<\/div>\n\n\n\n<div class=\"wp-block-column is-layout-flow wp-block-column-is-layout-flow\">\n<div class=\"wp-block-buttons is-layout-flex wp-block-buttons-is-layout-flex\">\n<div class=\"wp-block-button\"><a class=\"wp-block-button__link wp-element-button\" href=\"https:\/\/cine.entradas.com\/cine\/madrid\/sala-berlanga\/evento\/3060\">COMPRAR ENTRADAS<\/a><\/div>\n<\/div>\n<\/div>\n<\/div>\n<\/div>\n<\/div>\n\n\n\n<div class=\"wp-block-columns is-layout-flex wp-container-core-columns-is-layout-6 wp-block-columns-is-layout-flex\">\n<div class=\"wp-block-column is-layout-flow wp-block-column-is-layout-flow\">\n<figure class=\"wp-block-image size-large\"><img loading=\"lazy\" decoding=\"async\" width=\"717\" height=\"1024\" src=\"https:\/\/sombramadrid.com\/wp-content\/uploads\/2025\/02\/cortos-bloquea-717x1024.jpg\" alt=\"\" class=\"wp-image-7170\" srcset=\"https:\/\/sombramadrid.com\/wp-content\/uploads\/2025\/02\/cortos-bloquea-717x1024.jpg 717w, https:\/\/sombramadrid.com\/wp-content\/uploads\/2025\/02\/cortos-bloquea-210x300.jpg 210w, https:\/\/sombramadrid.com\/wp-content\/uploads\/2025\/02\/cortos-bloquea-768x1097.jpg 768w, https:\/\/sombramadrid.com\/wp-content\/uploads\/2025\/02\/cortos-bloquea-8x12.jpg 8w, https:\/\/sombramadrid.com\/wp-content\/uploads\/2025\/02\/cortos-bloquea-294x420.jpg 294w, https:\/\/sombramadrid.com\/wp-content\/uploads\/2025\/02\/cortos-bloquea-696x994.jpg 696w, https:\/\/sombramadrid.com\/wp-content\/uploads\/2025\/02\/cortos-bloquea.jpg 840w\" sizes=\"auto, (max-width: 717px) 100vw, 717px\" \/><\/figure>\n<\/div>\n\n\n\n<div class=\"wp-block-column is-layout-flow wp-block-column-is-layout-flow\">\n<p class=\"has-very-dark-gray-color has-cyan-bluish-gray-background-color has-text-color has-background\"><strong>Cortometrajes | Secci\u00f3n Oficial a Concurso (Bloque A)<\/strong><\/p>\n\n\n\n<p class=\"has-very-dark-gray-color has-very-light-gray-background-color has-text-color has-background\"><strong><strong>Hora: <\/strong><\/strong>18:00<strong><strong><br>\u00bfD\u00f3nde?: &nbsp;<\/strong><\/strong>Artistic Metropol<\/p>\n\n\n\n<div class=\"wp-block-columns is-layout-flex wp-container-core-columns-is-layout-5 wp-block-columns-is-layout-flex\">\n<div class=\"wp-block-column is-layout-flow wp-block-column-is-layout-flow\">\n<div class=\"wp-block-buttons is-layout-flex wp-block-buttons-is-layout-flex\">\n<div class=\"wp-block-button\"><a class=\"wp-block-button__link has-very-light-gray-color has-vivid-red-background-color has-text-color has-background wp-element-button\" href=\"https:\/\/sombramadrid.com\/en\/cortometrajes-2025\/\">M\u00c1S INFORMACI\u00d3N<\/a><\/div>\n<\/div>\n<\/div>\n\n\n\n<div class=\"wp-block-column is-layout-flow wp-block-column-is-layout-flow\">\n<div class=\"wp-block-buttons is-layout-flex wp-block-buttons-is-layout-flex\">\n<div class=\"wp-block-button\"><a class=\"wp-block-button__link wp-element-button\" href=\"https:\/\/www.giglon.com\/todos?idEvent=sombra-madrid--festival-de-cine-fantastico-europeo-cortometraje-bloque-a\">COMPRAR ENTRADAS<\/a><\/div>\n<\/div>\n<\/div>\n<\/div>\n<\/div>\n<\/div>\n\n\n\n<div class=\"wp-block-columns is-layout-flex wp-container-core-columns-is-layout-8 wp-block-columns-is-layout-flex\">\n<div class=\"wp-block-column is-layout-flow wp-block-column-is-layout-flow\">\n<figure class=\"wp-block-image size-large\"><img loading=\"lazy\" decoding=\"async\" width=\"717\" height=\"1024\" src=\"https:\/\/sombramadrid.com\/wp-content\/uploads\/2025\/02\/Cortos-bloque-2-717x1024.jpg\" alt=\"\" class=\"wp-image-7172\" srcset=\"https:\/\/sombramadrid.com\/wp-content\/uploads\/2025\/02\/Cortos-bloque-2-717x1024.jpg 717w, https:\/\/sombramadrid.com\/wp-content\/uploads\/2025\/02\/Cortos-bloque-2-210x300.jpg 210w, https:\/\/sombramadrid.com\/wp-content\/uploads\/2025\/02\/Cortos-bloque-2-768x1097.jpg 768w, https:\/\/sombramadrid.com\/wp-content\/uploads\/2025\/02\/Cortos-bloque-2-8x12.jpg 8w, https:\/\/sombramadrid.com\/wp-content\/uploads\/2025\/02\/Cortos-bloque-2-294x420.jpg 294w, https:\/\/sombramadrid.com\/wp-content\/uploads\/2025\/02\/Cortos-bloque-2-696x994.jpg 696w, https:\/\/sombramadrid.com\/wp-content\/uploads\/2025\/02\/Cortos-bloque-2.jpg 840w\" sizes=\"auto, (max-width: 717px) 100vw, 717px\" \/><\/figure>\n<\/div>\n\n\n\n<div class=\"wp-block-column is-layout-flow wp-block-column-is-layout-flow\">\n<p class=\"has-very-dark-gray-color has-cyan-bluish-gray-background-color has-text-color has-background\"><strong>Cortometrajes | Secci\u00f3n Oficial a Concurso (Bloque B)<\/strong><\/p>\n\n\n\n<p class=\"has-very-dark-gray-color has-very-light-gray-background-color has-text-color has-background\"><strong><strong>Hora: <\/strong><\/strong>20:00<strong><strong><br>\u00bfD\u00f3nde?: &nbsp;<\/strong><\/strong>Artistic Metropol<\/p>\n\n\n\n<div class=\"wp-block-columns is-layout-flex wp-container-core-columns-is-layout-7 wp-block-columns-is-layout-flex\">\n<div class=\"wp-block-column is-layout-flow wp-block-column-is-layout-flow\">\n<div class=\"wp-block-buttons is-layout-flex wp-block-buttons-is-layout-flex\">\n<div class=\"wp-block-button\"><a class=\"wp-block-button__link has-very-light-gray-color has-vivid-red-background-color has-text-color has-background wp-element-button\" href=\"https:\/\/sombramadrid.com\/en\/cortometrajes-2025\/\">M\u00c1S INFORMACI\u00d3N<\/a><\/div>\n<\/div>\n<\/div>\n\n\n\n<div class=\"wp-block-column is-layout-flow wp-block-column-is-layout-flow\">\n<div class=\"wp-block-buttons is-layout-flex wp-block-buttons-is-layout-flex\">\n<div class=\"wp-block-button\"><a class=\"wp-block-button__link wp-element-button\" href=\"https:\/\/www.giglon.com\/todos?idEvent=sombra-madrid--festival-de-cine-fantastico-europeo-cortometraje-bloque-b\">COMPRAR ENTRADAS<\/a><\/div>\n<\/div>\n<\/div>\n<\/div>\n<\/div>\n<\/div>\n\n\n\n<div class=\"wp-block-columns is-layout-flex wp-container-core-columns-is-layout-10 wp-block-columns-is-layout-flex\">\n<div class=\"wp-block-column is-layout-flow wp-block-column-is-layout-flow\">\n<figure class=\"wp-block-image size-full\"><img loading=\"lazy\" decoding=\"async\" width=\"731\" height=\"1024\" src=\"https:\/\/sombramadrid.com\/wp-content\/uploads\/2025\/02\/taller-de-doblaje.jpg\" alt=\"\" class=\"wp-image-6909\" srcset=\"https:\/\/sombramadrid.com\/wp-content\/uploads\/2025\/02\/taller-de-doblaje.jpg 731w, https:\/\/sombramadrid.com\/wp-content\/uploads\/2025\/02\/taller-de-doblaje-214x300.jpg 214w, https:\/\/sombramadrid.com\/wp-content\/uploads\/2025\/02\/taller-de-doblaje-9x12.jpg 9w, https:\/\/sombramadrid.com\/wp-content\/uploads\/2025\/02\/taller-de-doblaje-300x420.jpg 300w, https:\/\/sombramadrid.com\/wp-content\/uploads\/2025\/02\/taller-de-doblaje-696x975.jpg 696w\" sizes=\"auto, (max-width: 731px) 100vw, 731px\" \/><\/figure>\n<\/div>\n\n\n\n<div class=\"wp-block-column is-layout-flow wp-block-column-is-layout-flow\">\n<p class=\"has-very-dark-gray-color has-cyan-bluish-gray-background-color has-text-color has-background\"><strong>Masterclass: Cine y Animaci\u00f3n<\/strong><\/p>\n\n\n\n<p class=\"has-very-dark-gray-color has-very-light-gray-background-color has-text-color has-background\"><strong><strong>Hora: <\/strong><\/strong>20:00<strong><strong><br>\u00bfD\u00f3nde?: &nbsp;<\/strong><\/strong>Sala Berlanga<\/p>\n\n\n\n<p class=\"has-very-dark-gray-color has-luminous-vivid-amber-background-color has-text-color has-background\"><strong>Con Adan Latonda (experto doblador al frente de Fonofox) | Demo en directo de locuci\u00f3n y doblaje<\/strong><\/p>\n\n\n\n<div class=\"wp-block-columns is-layout-flex wp-container-core-columns-is-layout-9 wp-block-columns-is-layout-flex\">\n<div class=\"wp-block-column is-layout-flow wp-block-column-is-layout-flow\">\n<div class=\"wp-block-buttons is-layout-flex wp-block-buttons-is-layout-flex\">\n<div class=\"wp-block-button\"><a class=\"wp-block-button__link has-very-light-gray-color has-vivid-red-background-color has-text-color has-background wp-element-button\" href=\"https:\/\/sombramadrid.com\/en\/actividades-sombra-2025\/masterclas-cine-y-animacion\/\">M\u00c1S INFORMACI\u00d3N<\/a><\/div>\n<\/div>\n<\/div>\n\n\n\n<div class=\"wp-block-column is-layout-flow wp-block-column-is-layout-flow\">\n<div class=\"wp-block-buttons is-layout-flex wp-block-buttons-is-layout-flex\">\n<div class=\"wp-block-button\"><a class=\"wp-block-button__link wp-element-button\">GRATUITO<\/a><\/div>\n<\/div>\n<\/div>\n<\/div>\n<\/div>\n<\/div>\n\n\n\n<h3 class=\"wp-block-heading has-text-align-center\">Mi\u00e9rcoles, 19 de marzo<\/h3>\n\n\n\n<hr class=\"wp-block-separator has-text-color has-background has-very-light-gray-background-color has-very-light-gray-color is-style-wide\"\/>\n\n\n\n<div class=\"wp-block-group\"><div class=\"wp-block-group__inner-container is-layout-constrained wp-block-group-is-layout-constrained\">\n<div class=\"wp-block-columns is-layout-flex wp-container-core-columns-is-layout-12 wp-block-columns-is-layout-flex\">\n<div class=\"wp-block-column is-layout-flow wp-block-column-is-layout-flow\">\n<figure class=\"wp-block-image size-large td-caption-align-https:\/\/sombramadrid.com\/wp-content\/uploads\/2024\/01\/stric-278319285-large.jpg\"><img loading=\"lazy\" decoding=\"async\" width=\"768\" height=\"1024\" src=\"https:\/\/sombramadrid.com\/wp-content\/uploads\/2025\/01\/la_nuit_se_traine-608374805-large-768x1024.jpg\" alt=\"\" class=\"wp-image-6820\" srcset=\"https:\/\/sombramadrid.com\/wp-content\/uploads\/2025\/01\/la_nuit_se_traine-608374805-large-768x1024.jpg 768w, https:\/\/sombramadrid.com\/wp-content\/uploads\/2025\/01\/la_nuit_se_traine-608374805-large-225x300.jpg 225w, https:\/\/sombramadrid.com\/wp-content\/uploads\/2025\/01\/la_nuit_se_traine-608374805-large-9x12.jpg 9w, https:\/\/sombramadrid.com\/wp-content\/uploads\/2025\/01\/la_nuit_se_traine-608374805-large-315x420.jpg 315w, https:\/\/sombramadrid.com\/wp-content\/uploads\/2025\/01\/la_nuit_se_traine-608374805-large-696x928.jpg 696w, https:\/\/sombramadrid.com\/wp-content\/uploads\/2025\/01\/la_nuit_se_traine-608374805-large.jpg 810w\" sizes=\"auto, (max-width: 768px) 100vw, 768px\" \/><\/figure>\n<\/div>\n\n\n\n<div class=\"wp-block-column is-layout-flow wp-block-column-is-layout-flow\">\n<p class=\"has-very-dark-gray-color has-cyan-bluish-gray-background-color has-text-color has-background\"><strong>Night Call | Secci\u00f3n Oficial a Concurso<\/strong> <strong>+ Parasomnia (Cortometraje fuera de competici\u00f3n)<\/strong><\/p>\n\n\n\n<p class=\"has-very-dark-gray-color has-very-light-gray-background-color has-text-color has-background\"><strong><strong>Hora: <\/strong><\/strong>18:00<strong><strong><br>\u00bfD\u00f3nde?: &nbsp;<\/strong><\/strong>Sala Berlanga<\/p>\n\n\n\n<div class=\"wp-block-columns is-layout-flex wp-container-core-columns-is-layout-11 wp-block-columns-is-layout-flex\">\n<div class=\"wp-block-column is-layout-flow wp-block-column-is-layout-flow\">\n<div class=\"wp-block-buttons is-layout-flex wp-block-buttons-is-layout-flex\">\n<div class=\"wp-block-button\"><a class=\"wp-block-button__link has-vivid-red-background-color has-background wp-element-button\" href=\"https:\/\/sombramadrid.com\/en\/largometrajes-sombra-2025\/night-call-seccion-oficial\/\">M\u00c1S INFORMACI\u00d3N<\/a><\/div>\n<\/div>\n<\/div>\n\n\n\n<div class=\"wp-block-column is-layout-flow wp-block-column-is-layout-flow\">\n<div class=\"wp-block-buttons is-layout-flex wp-block-buttons-is-layout-flex\">\n<div class=\"wp-block-button\"><a class=\"wp-block-button__link wp-element-button\" href=\"https:\/\/cine.entradas.com\/cine\/madrid\/sala-berlanga\/evento\/3062\">COMPRAR ENTRADAS<\/a><\/div>\n<\/div>\n<\/div>\n<\/div>\n<\/div>\n<\/div>\n\n\n\n<div class=\"wp-block-columns is-layout-flex wp-container-core-columns-is-layout-14 wp-block-columns-is-layout-flex\">\n<div class=\"wp-block-column is-layout-flow wp-block-column-is-layout-flow\"><div class=\"wp-block-image\">\n<figure class=\"aligncenter size-full td-caption-align-https:\/\/sombramadrid.com\/wp-content\/uploads\/2024\/01\/stric-278319285-large.jpg\"><img loading=\"lazy\" decoding=\"async\" width=\"344\" height=\"480\" src=\"https:\/\/sombramadrid.com\/wp-content\/uploads\/2025\/02\/empusa-180888719-large.jpg\" alt=\"\" class=\"wp-image-7513\" srcset=\"https:\/\/sombramadrid.com\/wp-content\/uploads\/2025\/02\/empusa-180888719-large.jpg 344w, https:\/\/sombramadrid.com\/wp-content\/uploads\/2025\/02\/empusa-180888719-large-215x300.jpg 215w, https:\/\/sombramadrid.com\/wp-content\/uploads\/2025\/02\/empusa-180888719-large-9x12.jpg 9w, https:\/\/sombramadrid.com\/wp-content\/uploads\/2025\/02\/empusa-180888719-large-301x420.jpg 301w\" sizes=\"auto, (max-width: 344px) 100vw, 344px\" \/><\/figure><\/div><\/div>\n\n\n\n<div class=\"wp-block-column is-layout-flow wp-block-column-is-layout-flow\">\n<p class=\"has-very-dark-gray-color has-cyan-bluish-gray-background-color has-text-color has-background\"><strong>Empusa | Retrospectiva Antonio Mayans<\/strong><\/p>\n\n\n\n<p class=\"has-very-dark-gray-color has-very-light-gray-background-color has-text-color has-background\"><strong><strong>Hora: <\/strong><\/strong>18:00<strong><strong><br>\u00bfD\u00f3nde?: &nbsp;<\/strong><\/strong>Artistic Metropol<\/p>\n\n\n\n<div class=\"wp-block-columns is-layout-flex wp-container-core-columns-is-layout-13 wp-block-columns-is-layout-flex\">\n<div class=\"wp-block-column is-layout-flow wp-block-column-is-layout-flow\">\n<div class=\"wp-block-buttons is-layout-flex wp-block-buttons-is-layout-flex\">\n<div class=\"wp-block-button\"><a class=\"wp-block-button__link has-vivid-red-background-color has-background wp-element-button\" href=\"https:\/\/sombramadrid.com\/en\/empusa-retrospectiva-antonio-mayans\/\">M\u00c1S INFORMACI\u00d3N<\/a><\/div>\n<\/div>\n<\/div>\n\n\n\n<div class=\"wp-block-column is-layout-flow wp-block-column-is-layout-flow\">\n<div class=\"wp-block-buttons is-layout-flex wp-block-buttons-is-layout-flex\">\n<div class=\"wp-block-button\"><a class=\"wp-block-button__link wp-element-button\" href=\"https:\/\/www.giglon.com\/todos?idEvent=sombra-madrid--festival-de-cine-fantastico-europeo--empusa-2010\">COMPRAR ENTRADAS<\/a><\/div>\n<\/div>\n<\/div>\n<\/div>\n<\/div>\n<\/div>\n\n\n\n<div class=\"wp-block-columns is-layout-flex wp-container-core-columns-is-layout-16 wp-block-columns-is-layout-flex\">\n<div class=\"wp-block-column is-layout-flow wp-block-column-is-layout-flow\">\n<figure class=\"wp-block-image size-large td-caption-align-https:\/\/sombramadrid.com\/wp-content\/uploads\/2024\/01\/stric-278319285-large.jpg\"><img loading=\"lazy\" decoding=\"async\" width=\"724\" height=\"1024\" src=\"https:\/\/sombramadrid.com\/wp-content\/uploads\/2025\/01\/des_teufels_bad-981077325-large-724x1024.jpg\" alt=\"\" class=\"wp-image-6817\" srcset=\"https:\/\/sombramadrid.com\/wp-content\/uploads\/2025\/01\/des_teufels_bad-981077325-large-724x1024.jpg 724w, https:\/\/sombramadrid.com\/wp-content\/uploads\/2025\/01\/des_teufels_bad-981077325-large-212x300.jpg 212w, https:\/\/sombramadrid.com\/wp-content\/uploads\/2025\/01\/des_teufels_bad-981077325-large-768x1087.jpg 768w, https:\/\/sombramadrid.com\/wp-content\/uploads\/2025\/01\/des_teufels_bad-981077325-large-8x12.jpg 8w, https:\/\/sombramadrid.com\/wp-content\/uploads\/2025\/01\/des_teufels_bad-981077325-large-297x420.jpg 297w, https:\/\/sombramadrid.com\/wp-content\/uploads\/2025\/01\/des_teufels_bad-981077325-large-696x985.jpg 696w, https:\/\/sombramadrid.com\/wp-content\/uploads\/2025\/01\/des_teufels_bad-981077325-large.jpg 848w\" sizes=\"auto, (max-width: 724px) 100vw, 724px\" \/><\/figure>\n<\/div>\n\n\n\n<div class=\"wp-block-column is-layout-flow wp-block-column-is-layout-flow\">\n<p class=\"has-very-dark-gray-color has-cyan-bluish-gray-background-color has-text-color has-background\"><strong>El Ba\u00f1o del Diablo | Media Window<\/strong> <strong>| Joyas del Terror<\/strong><\/p>\n\n\n\n<p class=\"has-very-dark-gray-color has-very-light-gray-background-color has-text-color has-background\"><strong><strong>Hora: <\/strong><\/strong>20:00<strong><strong><br>\u00bfD\u00f3nde?: &nbsp;<\/strong><\/strong>Sala Berlanga<\/p>\n\n\n\n<div class=\"wp-block-columns is-layout-flex wp-container-core-columns-is-layout-15 wp-block-columns-is-layout-flex\">\n<div class=\"wp-block-column is-layout-flow wp-block-column-is-layout-flow\">\n<div class=\"wp-block-buttons is-layout-flex wp-block-buttons-is-layout-flex\">\n<div class=\"wp-block-button\"><a class=\"wp-block-button__link has-vivid-red-background-color has-background wp-element-button\" href=\"https:\/\/sombramadrid.com\/en\/largometrajes-sombra-2025\/el-bano-del-diablo-media-window\/\">M\u00c1S INFORMACI\u00d3N<\/a><\/div>\n<\/div>\n<\/div>\n\n\n\n<div class=\"wp-block-column is-layout-flow wp-block-column-is-layout-flow\">\n<div class=\"wp-block-buttons is-layout-flex wp-block-buttons-is-layout-flex\">\n<div class=\"wp-block-button\"><a class=\"wp-block-button__link wp-element-button\" href=\"https:\/\/cine.entradas.com\/cine\/madrid\/sala-berlanga\/evento\/3063\">COMPRAR ENTRADAS<\/a><\/div>\n<\/div>\n<\/div>\n<\/div>\n<\/div>\n<\/div>\n<\/div><\/div>\n\n\n\n<div class=\"wp-block-columns is-layout-flex wp-container-core-columns-is-layout-18 wp-block-columns-is-layout-flex\">\n<div class=\"wp-block-column is-layout-flow wp-block-column-is-layout-flow\">\n<figure class=\"wp-block-image size-large td-caption-align-https:\/\/sombramadrid.com\/wp-content\/uploads\/2024\/01\/club_zero-511206995-large.jpg\"><img loading=\"lazy\" decoding=\"async\" width=\"724\" height=\"1024\" src=\"https:\/\/sombramadrid.com\/wp-content\/uploads\/2025\/01\/Massacre-en-el-Delta-Key-Art-V2-WEB-724x1024.jpg\" alt=\"\" class=\"wp-image-6879\" srcset=\"https:\/\/sombramadrid.com\/wp-content\/uploads\/2025\/01\/Massacre-en-el-Delta-Key-Art-V2-WEB-724x1024.jpg 724w, https:\/\/sombramadrid.com\/wp-content\/uploads\/2025\/01\/Massacre-en-el-Delta-Key-Art-V2-WEB-212x300.jpg 212w, https:\/\/sombramadrid.com\/wp-content\/uploads\/2025\/01\/Massacre-en-el-Delta-Key-Art-V2-WEB-768x1086.jpg 768w, https:\/\/sombramadrid.com\/wp-content\/uploads\/2025\/01\/Massacre-en-el-Delta-Key-Art-V2-WEB-8x12.jpg 8w, https:\/\/sombramadrid.com\/wp-content\/uploads\/2025\/01\/Massacre-en-el-Delta-Key-Art-V2-WEB-297x420.jpg 297w, https:\/\/sombramadrid.com\/wp-content\/uploads\/2025\/01\/Massacre-en-el-Delta-Key-Art-V2-WEB-696x985.jpg 696w, https:\/\/sombramadrid.com\/wp-content\/uploads\/2025\/01\/Massacre-en-el-Delta-Key-Art-V2-WEB.jpg 849w\" sizes=\"auto, (max-width: 724px) 100vw, 724px\" \/><\/figure>\n<\/div>\n\n\n\n<div class=\"wp-block-column is-layout-flow wp-block-column-is-layout-flow\">\n<p class=\"has-very-dark-gray-color has-cyan-bluish-gray-background-color has-text-color has-background\"><strong>Masacre en el Delta | Muestra terror latinoamericano<\/strong><\/p>\n\n\n\n<p class=\"has-very-dark-gray-color has-very-light-gray-background-color has-text-color has-background\"><strong><strong>Hora: <\/strong><\/strong>20:15<strong><strong><br>\u00bfD\u00f3nde?: &nbsp;<\/strong><\/strong>Artistic Metropol<\/p>\n\n\n\n<div class=\"wp-block-columns is-layout-flex wp-container-core-columns-is-layout-17 wp-block-columns-is-layout-flex\">\n<div class=\"wp-block-column is-layout-flow wp-block-column-is-layout-flow\">\n<div class=\"wp-block-buttons is-layout-flex wp-block-buttons-is-layout-flex\">\n<div class=\"wp-block-button\"><a class=\"wp-block-button__link has-very-light-gray-color has-vivid-red-background-color has-text-color has-background wp-element-button\" href=\"https:\/\/sombramadrid.com\/en\/largometrajes-sombra-2025\/masacre-en-el-delta-muestra-terror-latinoamericano\/\">M\u00c1S INFORMACI\u00d3N<\/a><\/div>\n<\/div>\n<\/div>\n\n\n\n<div class=\"wp-block-column is-layout-flow wp-block-column-is-layout-flow\">\n<div class=\"wp-block-buttons is-layout-flex wp-block-buttons-is-layout-flex\">\n<div class=\"wp-block-button\"><a class=\"wp-block-button__link wp-element-button\" href=\"https:\/\/www.giglon.com\/todos?idEvent=sombra-madrid--festival-de-cine-fantastico-europeo--masacre-en-el-delta\">COMPRAR ENTRADAS<\/a><\/div>\n<\/div>\n<\/div>\n<\/div>\n<\/div>\n<\/div>\n\n\n\n<h3 class=\"wp-block-heading has-text-align-center\">Jueves, 20 de marzo<\/h3>\n\n\n\n<hr class=\"wp-block-separator has-text-color has-background has-very-light-gray-background-color has-very-light-gray-color is-style-wide\"\/>\n\n\n\n<div class=\"wp-block-group\"><div class=\"wp-block-group__inner-container is-layout-constrained wp-block-group-is-layout-constrained\">\n<div class=\"wp-block-columns is-layout-flex wp-container-core-columns-is-layout-20 wp-block-columns-is-layout-flex\">\n<div class=\"wp-block-column is-layout-flow wp-block-column-is-layout-flow\">\n<figure class=\"wp-block-image size-full td-caption-align-https:\/\/sombramadrid.com\/wp-content\/uploads\/2024\/02\/jam-781916103-large.jpg\"><img loading=\"lazy\" decoding=\"async\" width=\"824\" height=\"1200\" src=\"https:\/\/sombramadrid.com\/wp-content\/uploads\/2025\/01\/capitan_avispa-302490481-large.jpg\" alt=\"\" class=\"wp-image-6884\" srcset=\"https:\/\/sombramadrid.com\/wp-content\/uploads\/2025\/01\/capitan_avispa-302490481-large.jpg 824w, https:\/\/sombramadrid.com\/wp-content\/uploads\/2025\/01\/capitan_avispa-302490481-large-206x300.jpg 206w, https:\/\/sombramadrid.com\/wp-content\/uploads\/2025\/01\/capitan_avispa-302490481-large-703x1024.jpg 703w, https:\/\/sombramadrid.com\/wp-content\/uploads\/2025\/01\/capitan_avispa-302490481-large-768x1118.jpg 768w, https:\/\/sombramadrid.com\/wp-content\/uploads\/2025\/01\/capitan_avispa-302490481-large-8x12.jpg 8w, https:\/\/sombramadrid.com\/wp-content\/uploads\/2025\/01\/capitan_avispa-302490481-large-288x420.jpg 288w, https:\/\/sombramadrid.com\/wp-content\/uploads\/2025\/01\/capitan_avispa-302490481-large-696x1014.jpg 696w\" sizes=\"auto, (max-width: 824px) 100vw, 824px\" \/><\/figure>\n<\/div>\n\n\n\n<div class=\"wp-block-column is-layout-flow wp-block-column-is-layout-flow\">\n<p class=\"has-very-dark-gray-color has-cyan-bluish-gray-background-color has-text-color has-background\"><strong><strong><strong>Sesi\u00f3n Infantil: Capit\u00e1n Avispa<\/strong><\/strong> | Anima\/t<\/strong><\/p>\n\n\n\n<p class=\"has-very-dark-gray-color has-very-light-gray-background-color has-text-color has-background\"><strong><strong>Hora: <\/strong><\/strong>11:00<strong><strong><br>\u00bfD\u00f3nde?: &nbsp;<\/strong><\/strong>Sala Berlanga<\/p>\n\n\n\n<p class=\"has-very-dark-gray-color has-luminous-vivid-amber-background-color has-text-color has-background\"><strong>Actividad Escolar | Sin entradas a la venta<\/strong><\/p>\n\n\n\n<div class=\"wp-block-columns is-layout-flex wp-container-core-columns-is-layout-19 wp-block-columns-is-layout-flex\">\n<div class=\"wp-block-column is-layout-flow wp-block-column-is-layout-flow\">\n<div class=\"wp-block-buttons is-layout-flex wp-block-buttons-is-layout-flex\">\n<div class=\"wp-block-button\"><a class=\"wp-block-button__link has-very-light-gray-color has-vivid-red-background-color has-text-color has-background wp-element-button\" href=\"https:\/\/sombramadrid.com\/en\/largometrajes-sombra-2025\/capitan-avispa-anima-t\/\">M\u00c1S INFORMACI\u00d3N<\/a><\/div>\n<\/div>\n<\/div>\n<\/div>\n<\/div>\n<\/div>\n<\/div><\/div>\n\n\n\n<p>&nbsp;<\/p>\n\n\n\n<div class=\"wp-block-columns is-layout-flex wp-container-core-columns-is-layout-22 wp-block-columns-is-layout-flex\">\n<div class=\"wp-block-column is-layout-flow wp-block-column-is-layout-flow\">\n<figure class=\"wp-block-image size-full is-resized\"><img loading=\"lazy\" decoding=\"async\" width=\"1280\" height=\"1811\" src=\"https:\/\/sombramadrid.com\/wp-content\/uploads\/2025\/02\/mBJOOFdZqSR03aaduWMzdy7qfiO.jpg\" alt=\"\" class=\"wp-image-7518\" style=\"width:463px;height:auto\" srcset=\"https:\/\/sombramadrid.com\/wp-content\/uploads\/2025\/02\/mBJOOFdZqSR03aaduWMzdy7qfiO.jpg 1280w, https:\/\/sombramadrid.com\/wp-content\/uploads\/2025\/02\/mBJOOFdZqSR03aaduWMzdy7qfiO-212x300.jpg 212w, https:\/\/sombramadrid.com\/wp-content\/uploads\/2025\/02\/mBJOOFdZqSR03aaduWMzdy7qfiO-724x1024.jpg 724w, https:\/\/sombramadrid.com\/wp-content\/uploads\/2025\/02\/mBJOOFdZqSR03aaduWMzdy7qfiO-768x1087.jpg 768w, https:\/\/sombramadrid.com\/wp-content\/uploads\/2025\/02\/mBJOOFdZqSR03aaduWMzdy7qfiO-1086x1536.jpg 1086w, https:\/\/sombramadrid.com\/wp-content\/uploads\/2025\/02\/mBJOOFdZqSR03aaduWMzdy7qfiO-8x12.jpg 8w, https:\/\/sombramadrid.com\/wp-content\/uploads\/2025\/02\/mBJOOFdZqSR03aaduWMzdy7qfiO-297x420.jpg 297w, https:\/\/sombramadrid.com\/wp-content\/uploads\/2025\/02\/mBJOOFdZqSR03aaduWMzdy7qfiO-696x985.jpg 696w, https:\/\/sombramadrid.com\/wp-content\/uploads\/2025\/02\/mBJOOFdZqSR03aaduWMzdy7qfiO-1068x1511.jpg 1068w\" sizes=\"auto, (max-width: 1280px) 100vw, 1280px\" \/><\/figure>\n<\/div>\n\n\n\n<div class=\"wp-block-column is-layout-flow wp-block-column-is-layout-flow\">\n<p class=\"has-very-dark-gray-color has-cyan-bluish-gray-background-color has-text-color has-background\"><strong>El Lago de los muertos vivientes<\/strong> <strong>| Retrospectiva Antonio Mayans<\/strong><\/p>\n\n\n\n<p class=\"has-very-dark-gray-color has-very-light-gray-background-color has-text-color has-background\"><strong><strong>Hora: <\/strong><\/strong>18:00<strong><strong><br>\u00bfD\u00f3nde?: &nbsp;<\/strong><\/strong>Artistic Metropol<\/p>\n\n\n\n<div class=\"wp-block-columns is-layout-flex wp-container-core-columns-is-layout-21 wp-block-columns-is-layout-flex\">\n<div class=\"wp-block-column is-layout-flow wp-block-column-is-layout-flow\">\n<div class=\"wp-block-buttons is-layout-flex wp-block-buttons-is-layout-flex\">\n<div class=\"wp-block-button td_btn_normal\"><a class=\"wp-block-button__link has-very-light-gray-color has-vivid-red-background-color has-text-color has-background wp-element-button\" href=\"https:\/\/sombramadrid.com\/en\/largometrajes-sombra-2025\/el-lago-de-los-muertos-vivientes-retrospectiva-antonio-mayans\/\">M\u00c1S INFORMACI\u00d3N<\/a><\/div>\n<\/div>\n<\/div>\n\n\n\n<div class=\"wp-block-column is-layout-flow wp-block-column-is-layout-flow\">\n<div class=\"wp-block-buttons is-layout-flex wp-block-buttons-is-layout-flex\">\n<div class=\"wp-block-button\"><a class=\"wp-block-button__link wp-element-button\" href=\"https:\/\/www.giglon.com\/todos?idEvent=sombra-madrid--festival-de-cine--el-lago-de-los-muertos-vivientes\">COMPRAR ENTRADAS<\/a><\/div>\n<\/div>\n<\/div>\n<\/div>\n\n\n\n<p>&nbsp;<\/p>\n<\/div>\n<\/div>\n\n\n\n<div class=\"wp-block-group\"><div class=\"wp-block-group__inner-container is-layout-constrained wp-block-group-is-layout-constrained\">\n<div class=\"wp-block-columns is-layout-flex wp-container-core-columns-is-layout-24 wp-block-columns-is-layout-flex\">\n<div class=\"wp-block-column is-layout-flow wp-block-column-is-layout-flow\">\n<figure class=\"wp-block-image size-large td-caption-align-https:\/\/sombramadrid.com\/wp-content\/uploads\/2024\/02\/charla.jpg\"><img loading=\"lazy\" decoding=\"async\" width=\"721\" height=\"1024\" src=\"https:\/\/sombramadrid.com\/wp-content\/uploads\/2025\/01\/historias_de_halloween-881290163-large-721x1024.jpg\" alt=\"\" class=\"wp-image-6826\" srcset=\"https:\/\/sombramadrid.com\/wp-content\/uploads\/2025\/01\/historias_de_halloween-881290163-large-721x1024.jpg 721w, https:\/\/sombramadrid.com\/wp-content\/uploads\/2025\/01\/historias_de_halloween-881290163-large-211x300.jpg 211w, https:\/\/sombramadrid.com\/wp-content\/uploads\/2025\/01\/historias_de_halloween-881290163-large-768x1091.jpg 768w, https:\/\/sombramadrid.com\/wp-content\/uploads\/2025\/01\/historias_de_halloween-881290163-large-8x12.jpg 8w, https:\/\/sombramadrid.com\/wp-content\/uploads\/2025\/01\/historias_de_halloween-881290163-large-296x420.jpg 296w, https:\/\/sombramadrid.com\/wp-content\/uploads\/2025\/01\/historias_de_halloween-881290163-large-696x988.jpg 696w, https:\/\/sombramadrid.com\/wp-content\/uploads\/2025\/01\/historias_de_halloween-881290163-large.jpg 845w\" sizes=\"auto, (max-width: 721px) 100vw, 721px\" \/><\/figure>\n<\/div>\n\n\n\n<div class=\"wp-block-column is-layout-flow wp-block-column-is-layout-flow\">\n<p class=\"has-very-dark-gray-color has-cyan-bluish-gray-background-color has-text-color has-background\"><strong><strong>Historias de Halloween | Secci\u00f3n Oficial a <\/strong>Concurso + Refugios (Cortometraje Fuera de Competici\u00f3n)<\/strong><\/p>\n\n\n\n<p class=\"has-very-dark-gray-color has-very-light-gray-background-color has-text-color has-background\"><strong><strong>Hora: <\/strong><\/strong>18:00<strong><strong><br>\u00bfD\u00f3nde?: &nbsp;<\/strong><\/strong>Sala Berlanga<\/p>\n\n\n\n<p class=\"has-very-dark-gray-color has-luminous-vivid-amber-background-color has-text-color has-background\"><strong>Premiere Madrid<\/strong><\/p>\n\n\n\n<div class=\"wp-block-columns is-layout-flex wp-container-core-columns-is-layout-23 wp-block-columns-is-layout-flex\">\n<div class=\"wp-block-column is-layout-flow wp-block-column-is-layout-flow\">\n<div class=\"wp-block-buttons is-layout-flex wp-block-buttons-is-layout-flex\">\n<div class=\"wp-block-button\"><a class=\"wp-block-button__link has-vivid-red-background-color has-background wp-element-button\" href=\"https:\/\/sombramadrid.com\/en\/largometrajes-sombra-2025\/historias-de-halloween-seccion-oficial-a-concurso\/\">M\u00c1S INFORMACI\u00d3N<\/a><\/div>\n<\/div>\n<\/div>\n\n\n\n<div class=\"wp-block-column is-layout-flow wp-block-column-is-layout-flow\">\n<div class=\"wp-block-buttons is-layout-flex wp-block-buttons-is-layout-flex\">\n<div class=\"wp-block-button\"><a class=\"wp-block-button__link wp-element-button\" href=\"https:\/\/cine.entradas.com\/cine\/madrid\/sala-berlanga\/evento\/3064\">COMPRAR ENTRADAS<\/a><\/div>\n<\/div>\n<\/div>\n<\/div>\n<\/div>\n<\/div>\n\n\n\n<div class=\"wp-block-columns is-layout-flex wp-container-core-columns-is-layout-26 wp-block-columns-is-layout-flex\">\n<div class=\"wp-block-column is-layout-flow wp-block-column-is-layout-flow\"><div class=\"wp-block-image\">\n<figure class=\"aligncenter size-full td-caption-align-https:\/\/sombramadrid.com\/wp-content\/uploads\/2024\/02\/charla.jpg\"><img loading=\"lazy\" decoding=\"async\" width=\"351\" height=\"500\" src=\"https:\/\/sombramadrid.com\/wp-content\/uploads\/2025\/02\/revenge_in_the_house_of_usher_aka_el_hundimiento_de_la_casa_usher-678795418-large.jpg\" alt=\"\" class=\"wp-image-7524\" srcset=\"https:\/\/sombramadrid.com\/wp-content\/uploads\/2025\/02\/revenge_in_the_house_of_usher_aka_el_hundimiento_de_la_casa_usher-678795418-large.jpg 351w, https:\/\/sombramadrid.com\/wp-content\/uploads\/2025\/02\/revenge_in_the_house_of_usher_aka_el_hundimiento_de_la_casa_usher-678795418-large-211x300.jpg 211w, https:\/\/sombramadrid.com\/wp-content\/uploads\/2025\/02\/revenge_in_the_house_of_usher_aka_el_hundimiento_de_la_casa_usher-678795418-large-8x12.jpg 8w, https:\/\/sombramadrid.com\/wp-content\/uploads\/2025\/02\/revenge_in_the_house_of_usher_aka_el_hundimiento_de_la_casa_usher-678795418-large-295x420.jpg 295w\" sizes=\"auto, (max-width: 351px) 100vw, 351px\" \/><\/figure><\/div><\/div>\n\n\n\n<div class=\"wp-block-column is-layout-flow wp-block-column-is-layout-flow\">\n<p class=\"has-very-dark-gray-color has-cyan-bluish-gray-background-color has-text-color has-background\"><strong><strong>El hundimiento de la Casa Usher | Retrospectiva Antonio Mayans<\/strong><\/strong><\/p>\n\n\n\n<p class=\"has-very-dark-gray-color has-very-light-gray-background-color has-text-color has-background\"><strong><strong>Hora: <\/strong><\/strong>20:00<strong><strong><br>\u00bfD\u00f3nde?: &nbsp;<\/strong><\/strong>Artistic Metropol<\/p>\n\n\n\n<div class=\"wp-block-columns is-layout-flex wp-container-core-columns-is-layout-25 wp-block-columns-is-layout-flex\">\n<div class=\"wp-block-column is-layout-flow wp-block-column-is-layout-flow\">\n<div class=\"wp-block-buttons is-layout-flex wp-block-buttons-is-layout-flex\">\n<div class=\"wp-block-button\"><a class=\"wp-block-button__link has-vivid-red-background-color has-background wp-element-button\" href=\"https:\/\/sombramadrid.com\/en\/largometrajes-sombra-2025\/el-hundimiento-de-la-casa-usher-retrospectiva-antonio-mayans\/\">M\u00c1S INFORMACI\u00d3N<\/a><\/div>\n<\/div>\n<\/div>\n\n\n\n<div class=\"wp-block-column is-layout-flow wp-block-column-is-layout-flow\">\n<div class=\"wp-block-buttons is-layout-flex wp-block-buttons-is-layout-flex\">\n<div class=\"wp-block-button\"><a class=\"wp-block-button__link wp-element-button\" href=\"https:\/\/www.giglon.com\/todos?idEvent=sombra-madrid--festival-de-cine--el-hundimiento-de-la-casa-usher\">COMPRAR ENTRADAS<\/a><\/div>\n<\/div>\n<\/div>\n<\/div>\n<\/div>\n<\/div>\n<\/div><\/div>\n\n\n\n<div class=\"wp-block-columns is-layout-flex wp-container-core-columns-is-layout-28 wp-block-columns-is-layout-flex\">\n<div class=\"wp-block-column is-layout-flow wp-block-column-is-layout-flow\">\n<figure class=\"wp-block-image size-full\"><img loading=\"lazy\" decoding=\"async\" width=\"501\" height=\"709\" src=\"https:\/\/sombramadrid.com\/wp-content\/uploads\/2025\/01\/toxico.jpg\" alt=\"\" class=\"wp-image-6881\" srcset=\"https:\/\/sombramadrid.com\/wp-content\/uploads\/2025\/01\/toxico.jpg 501w, https:\/\/sombramadrid.com\/wp-content\/uploads\/2025\/01\/toxico-212x300.jpg 212w, https:\/\/sombramadrid.com\/wp-content\/uploads\/2025\/01\/toxico-8x12.jpg 8w, https:\/\/sombramadrid.com\/wp-content\/uploads\/2025\/01\/toxico-297x420.jpg 297w\" sizes=\"auto, (max-width: 501px) 100vw, 501px\" \/><\/figure>\n<\/div>\n\n\n\n<div class=\"wp-block-column is-layout-flow wp-block-column-is-layout-flow\">\n<p class=\"has-very-dark-gray-color has-cyan-bluish-gray-background-color has-text-color has-background\"><strong>T\u00f3xico | Muestra Terror Latinoamericano<\/strong><\/p>\n\n\n\n<p class=\"has-very-dark-gray-color has-very-light-gray-background-color has-text-color has-background\"><strong><strong>Hora: <\/strong><\/strong>20:15<strong><strong><br>\u00bfD\u00f3nde?: &nbsp;<\/strong><\/strong>Artistic Metropol<\/p>\n\n\n\n<p class=\"has-very-dark-gray-color has-luminous-vivid-amber-background-color has-text-color has-background\"><strong>Presenta su director Ariel Mart\u00ednez<\/strong><\/p>\n\n\n\n<div class=\"wp-block-columns is-layout-flex wp-container-core-columns-is-layout-27 wp-block-columns-is-layout-flex\">\n<div class=\"wp-block-column is-layout-flow wp-block-column-is-layout-flow\">\n<div class=\"wp-block-buttons is-layout-flex wp-block-buttons-is-layout-flex\">\n<div class=\"wp-block-button\"><a class=\"wp-block-button__link has-very-light-gray-color has-vivid-red-background-color has-text-color has-background wp-element-button\" href=\"https:\/\/sombramadrid.com\/en\/largometrajes-sombra-2025\/toxico-muestra-terror-latinoamericano\/\">M\u00c1S INFORMACI\u00d3N<\/a><\/div>\n<\/div>\n<\/div>\n\n\n\n<div class=\"wp-block-column is-layout-flow wp-block-column-is-layout-flow\">\n<div class=\"wp-block-buttons is-layout-flex wp-block-buttons-is-layout-flex\">\n<div class=\"wp-block-button\"><a class=\"wp-block-button__link wp-element-button\" href=\"https:\/\/www.giglon.com\/todos?idEvent=sombra-madrid--festival-de-cine--toxico-2024\">COMPRAR ENTRADAS<\/a><\/div>\n<\/div>\n<\/div>\n<\/div>\n<\/div>\n<\/div>\n\n\n\n<div class=\"wp-block-columns is-layout-flex wp-container-core-columns-is-layout-30 wp-block-columns-is-layout-flex\">\n<div class=\"wp-block-column is-layout-flow wp-block-column-is-layout-flow\">\n<figure class=\"wp-block-image size-full\"><img loading=\"lazy\" decoding=\"async\" width=\"501\" height=\"709\" src=\"https:\/\/sombramadrid.com\/wp-content\/uploads\/2025\/02\/coming-soon.jpg\" alt=\"\" class=\"wp-image-7140\" srcset=\"https:\/\/sombramadrid.com\/wp-content\/uploads\/2025\/02\/coming-soon.jpg 501w, https:\/\/sombramadrid.com\/wp-content\/uploads\/2025\/02\/coming-soon-212x300.jpg 212w, https:\/\/sombramadrid.com\/wp-content\/uploads\/2025\/02\/coming-soon-8x12.jpg 8w, https:\/\/sombramadrid.com\/wp-content\/uploads\/2025\/02\/coming-soon-297x420.jpg 297w\" sizes=\"auto, (max-width: 501px) 100vw, 501px\" \/><\/figure>\n<\/div>\n\n\n\n<div class=\"wp-block-column is-layout-flow wp-block-column-is-layout-flow\">\n<p class=\"has-very-dark-gray-color has-cyan-bluish-gray-background-color has-text-color has-background\"><strong>Coming Soon: No sabes la que te espera<\/strong><\/p>\n\n\n\n<p class=\"has-very-dark-gray-color has-very-light-gray-background-color has-text-color has-background\"><strong><strong>Hora: <\/strong><\/strong>20:30<strong><strong><br>\u00bfD\u00f3nde?: &nbsp;<\/strong><\/strong>Sala Berlanga<\/p>\n\n\n\n<div class=\"wp-block-columns is-layout-flex wp-container-core-columns-is-layout-29 wp-block-columns-is-layout-flex\">\n<div class=\"wp-block-column is-layout-flow wp-block-column-is-layout-flow\">\n<div class=\"wp-block-buttons is-layout-flex wp-block-buttons-is-layout-flex\">\n<div class=\"wp-block-button\"><a class=\"wp-block-button__link has-very-light-gray-color has-vivid-red-background-color has-text-color has-background wp-element-button\" href=\"https:\/\/sombramadrid.com\/en\/coming-soon-no-sabes-la-que-te-espera\/\">M\u00c1S INFORMACI\u00d3N<\/a><\/div>\n<\/div>\n<\/div>\n<\/div>\n<\/div>\n<\/div>\n\n\n\n<h3 class=\"wp-block-heading has-text-align-center\">Viernes, 21 de marzo<\/h3>\n\n\n\n<div class=\"wp-block-columns is-layout-flex wp-container-core-columns-is-layout-32 wp-block-columns-is-layout-flex\">\n<div class=\"wp-block-column is-layout-flow wp-block-column-is-layout-flow\">\n<figure class=\"wp-block-image size-full td-caption-align-https:\/\/sombramadrid.com\/wp-content\/uploads\/2024\/02\/jam-781916103-large.jpg\"><img loading=\"lazy\" decoding=\"async\" width=\"696\" height=\"975\" src=\"https:\/\/sombramadrid.com\/wp-content\/uploads\/2025\/02\/encuentro-cine-de-genero.jpg\" alt=\"\" class=\"wp-image-7026\" srcset=\"https:\/\/sombramadrid.com\/wp-content\/uploads\/2025\/02\/encuentro-cine-de-genero.jpg 696w, https:\/\/sombramadrid.com\/wp-content\/uploads\/2025\/02\/encuentro-cine-de-genero-214x300.jpg 214w, https:\/\/sombramadrid.com\/wp-content\/uploads\/2025\/02\/encuentro-cine-de-genero-9x12.jpg 9w, https:\/\/sombramadrid.com\/wp-content\/uploads\/2025\/02\/encuentro-cine-de-genero-300x420.jpg 300w\" sizes=\"auto, (max-width: 696px) 100vw, 696px\" \/><\/figure>\n<\/div>\n\n\n\n<div class=\"wp-block-column is-layout-flow wp-block-column-is-layout-flow\">\n<p class=\"has-very-dark-gray-color has-cyan-bluish-gray-background-color has-text-color has-background\"><strong>Encuentro Intergeneracional en el Cine de G\u00e9nero<\/strong><\/p>\n\n\n\n<p class=\"has-very-dark-gray-color has-very-light-gray-background-color has-text-color has-background\"><strong><strong>Hora: <\/strong><\/strong>18:00<strong><strong><br>\u00bfD\u00f3nde?: &nbsp;<\/strong><\/strong>Sala Berlanga<\/p>\n\n\n\n<p class=\"has-very-dark-gray-color has-luminous-vivid-amber-background-color has-text-color has-background\"><strong>Con Antonio Mayans, Jack Taylor y Ad\u00e1n Latonda<\/strong><\/p>\n\n\n\n<div class=\"wp-block-columns is-layout-flex wp-container-core-columns-is-layout-31 wp-block-columns-is-layout-flex\">\n<div class=\"wp-block-column is-layout-flow wp-block-column-is-layout-flow\">\n<div class=\"wp-block-buttons is-layout-flex wp-block-buttons-is-layout-flex\">\n<div class=\"wp-block-button\"><a class=\"wp-block-button__link has-very-light-gray-color has-vivid-red-background-color has-text-color has-background wp-element-button\" href=\"https:\/\/sombramadrid.com\/en\/actividades-sombra-2025\/encuentro-intergeneracionales-en-el-cine-de-genero\/\">M\u00c1S INFORMACI\u00d3N<\/a><\/div>\n<\/div>\n<\/div>\n<\/div>\n<\/div>\n<\/div>\n\n\n\n<div class=\"wp-block-columns is-layout-flex wp-container-core-columns-is-layout-34 wp-block-columns-is-layout-flex\">\n<div class=\"wp-block-column is-layout-flow wp-block-column-is-layout-flow\">\n<figure class=\"wp-block-image size-full td-caption-align-https:\/\/sombramadrid.com\/wp-content\/uploads\/2024\/02\/jam-781916103-large.jpg\"><img loading=\"lazy\" decoding=\"async\" width=\"1143\" height=\"1600\" src=\"https:\/\/sombramadrid.com\/wp-content\/uploads\/2025\/01\/WhatsApp-Image-2024-12-23-at-10.36.21.jpeg\" alt=\"\" class=\"wp-image-6792\" srcset=\"https:\/\/sombramadrid.com\/wp-content\/uploads\/2025\/01\/WhatsApp-Image-2024-12-23-at-10.36.21.jpeg 1143w, https:\/\/sombramadrid.com\/wp-content\/uploads\/2025\/01\/WhatsApp-Image-2024-12-23-at-10.36.21-214x300.jpeg 214w, https:\/\/sombramadrid.com\/wp-content\/uploads\/2025\/01\/WhatsApp-Image-2024-12-23-at-10.36.21-732x1024.jpeg 732w, https:\/\/sombramadrid.com\/wp-content\/uploads\/2025\/01\/WhatsApp-Image-2024-12-23-at-10.36.21-768x1075.jpeg 768w, https:\/\/sombramadrid.com\/wp-content\/uploads\/2025\/01\/WhatsApp-Image-2024-12-23-at-10.36.21-1097x1536.jpeg 1097w, https:\/\/sombramadrid.com\/wp-content\/uploads\/2025\/01\/WhatsApp-Image-2024-12-23-at-10.36.21-9x12.jpeg 9w, https:\/\/sombramadrid.com\/wp-content\/uploads\/2025\/01\/WhatsApp-Image-2024-12-23-at-10.36.21-696x974.jpeg 696w, https:\/\/sombramadrid.com\/wp-content\/uploads\/2025\/01\/WhatsApp-Image-2024-12-23-at-10.36.21-1068x1495.jpeg 1068w, https:\/\/sombramadrid.com\/wp-content\/uploads\/2025\/01\/WhatsApp-Image-2024-12-23-at-10.36.21-300x420.jpeg 300w\" sizes=\"auto, (max-width: 1143px) 100vw, 1143px\" \/><\/figure>\n<\/div>\n\n\n\n<div class=\"wp-block-column is-layout-flow wp-block-column-is-layout-flow\">\n<p class=\"has-very-dark-gray-color has-cyan-bluish-gray-background-color has-text-color has-background\"><strong><strong>FABIO FRIZZI PLAYS NUEVA YORK BAJO EL TERROR DE LOS ZOMBIS<\/strong><\/strong><\/p>\n\n\n\n<p class=\"has-very-dark-gray-color has-very-light-gray-background-color has-text-color has-background\"><strong><strong>Hora: <\/strong><\/strong>19:30<strong><strong><br>\u00bfD\u00f3nde?: &nbsp;<\/strong><\/strong>Palacio de la Prensa (Sala 1)<\/p>\n\n\n\n<div class=\"wp-block-columns is-layout-flex wp-container-core-columns-is-layout-33 wp-block-columns-is-layout-flex\">\n<div class=\"wp-block-column is-layout-flow wp-block-column-is-layout-flow\">\n<div class=\"wp-block-buttons is-layout-flex wp-block-buttons-is-layout-flex\">\n<div class=\"wp-block-button\"><a class=\"wp-block-button__link has-very-light-gray-color has-vivid-red-background-color has-text-color has-background wp-element-button\" href=\"https:\/\/sombramadrid.com\/en\/una-noche-inolvidable-con-fabio-frizzi-plays-nueva-york-bajo-el-terror-de-los-zombis\/\">M\u00c1S INFORMACI\u00d3N<\/a><\/div>\n<\/div>\n<\/div>\n\n\n\n<div class=\"wp-block-column is-layout-flow wp-block-column-is-layout-flow\">\n<div class=\"wp-block-buttons is-layout-flex wp-block-buttons-is-layout-flex\">\n<div class=\"wp-block-button\"><a class=\"wp-block-button__link wp-element-button\" href=\"https:\/\/ticketandroll.com\/evento\/fabio-frizzy-plays-nueva-york-bajo-el-terror-de-los-zombies-en-palacio-de-la-prensa-sala-1\">COMPRAR ENTRADAS<\/a><\/div>\n<\/div>\n<\/div>\n<\/div>\n<\/div>\n<\/div>\n\n\n\n<div class=\"wp-block-group\"><div class=\"wp-block-group__inner-container is-layout-constrained wp-block-group-is-layout-constrained\"><\/div><\/div>\n\n\n\n<h3 class=\"wp-block-heading has-text-align-center\">S\u00e1bado, 22 de marzo<\/h3>\n\n\n\n<div class=\"wp-block-group\"><div class=\"wp-block-group__inner-container is-layout-constrained wp-block-group-is-layout-constrained\">\n<div class=\"wp-block-group\"><div class=\"wp-block-group__inner-container is-layout-constrained wp-block-group-is-layout-constrained\">\n<div class=\"wp-block-columns is-layout-flex wp-container-core-columns-is-layout-36 wp-block-columns-is-layout-flex\">\n<div class=\"wp-block-column is-layout-flow wp-block-column-is-layout-flow\">\n<figure class=\"wp-block-image size-full td-caption-align-https:\/\/sombramadrid.com\/wp-content\/uploads\/2024\/02\/jam-781916103-large.jpg\"><img loading=\"lazy\" decoding=\"async\" width=\"696\" height=\"1004\" src=\"https:\/\/sombramadrid.com\/wp-content\/uploads\/2025\/02\/jose-lifante.jpg\" alt=\"\" class=\"wp-image-6983\" srcset=\"https:\/\/sombramadrid.com\/wp-content\/uploads\/2025\/02\/jose-lifante.jpg 696w, https:\/\/sombramadrid.com\/wp-content\/uploads\/2025\/02\/jose-lifante-208x300.jpg 208w, https:\/\/sombramadrid.com\/wp-content\/uploads\/2025\/02\/jose-lifante-8x12.jpg 8w, https:\/\/sombramadrid.com\/wp-content\/uploads\/2025\/02\/jose-lifante-291x420.jpg 291w\" sizes=\"auto, (max-width: 696px) 100vw, 696px\" \/><\/figure>\n<\/div>\n\n\n\n<div class=\"wp-block-column is-layout-flow wp-block-column-is-layout-flow\">\n<p class=\"has-very-dark-gray-color has-cyan-bluish-gray-background-color has-text-color has-background\"><strong>Jos\u00e9 Lifante, mi aventura en el cine | Sesi\u00f3n especial fuera de competici\u00f3n<\/strong><\/p>\n\n\n\n<p class=\"has-very-dark-gray-color has-very-light-gray-background-color has-text-color has-background\"><strong><strong>Hora: <\/strong><\/strong>12:00<strong><strong><br>\u00bfD\u00f3nde?: \u00a0<\/strong><\/strong>Cine Embajadores (Sala 2)<\/p>\n\n\n\n<p class=\"has-very-dark-gray-color has-luminous-vivid-amber-background-color has-text-color has-background\"><strong>+ <strong>Presentaci\u00f3n Paul Naschy Scrapbook, con David Garc\u00eda Sari\u00f1ena y Sergio Molina. <\/strong><\/strong><\/p>\n\n\n\n<div class=\"wp-block-columns is-layout-flex wp-container-core-columns-is-layout-35 wp-block-columns-is-layout-flex\">\n<div class=\"wp-block-column is-layout-flow wp-block-column-is-layout-flow\">\n<div class=\"wp-block-buttons is-layout-flex wp-block-buttons-is-layout-flex\">\n<div class=\"wp-block-button\"><a class=\"wp-block-button__link has-very-light-gray-color has-vivid-red-background-color has-text-color has-background wp-element-button\" href=\"https:\/\/sombramadrid.com\/en\/largometrajes-sombra-2025\/jose-lifante-mi-aventura-en-el-cine-sesion-especial-fuera-de-concurso\/\">M\u00c1S INFORMACI\u00d3N<\/a><\/div>\n<\/div>\n<\/div>\n\n\n\n<div class=\"wp-block-column is-layout-flow wp-block-column-is-layout-flow\">\n<div class=\"wp-block-buttons is-layout-flex wp-block-buttons-is-layout-flex\">\n<div class=\"wp-block-button\"><a class=\"wp-block-button__link wp-element-button\" href=\"https:\/\/ticketandroll.com\/evento\/jose-linfante-mi-aventura-en-el-cine-cines-embajadores-sala-2\">COMPRAR ENTRADAS<\/a><\/div>\n<\/div>\n<\/div>\n<\/div>\n<\/div>\n<\/div>\n<\/div><\/div>\n\n\n\n<div class=\"wp-block-group\"><div class=\"wp-block-group__inner-container is-layout-constrained wp-block-group-is-layout-constrained\">\n<div class=\"wp-block-columns is-layout-flex wp-container-core-columns-is-layout-38 wp-block-columns-is-layout-flex\">\n<div class=\"wp-block-column is-layout-flow wp-block-column-is-layout-flow\">\n<figure class=\"wp-block-image size-full td-caption-align-https:\/\/sombramadrid.com\/wp-content\/uploads\/2024\/02\/jam-781916103-large.jpg\"><img loading=\"lazy\" decoding=\"async\" width=\"800\" height=\"1082\" src=\"https:\/\/sombramadrid.com\/wp-content\/uploads\/2025\/01\/the_curse_of_the_necklace-169055771-large.jpg\" alt=\"\" class=\"wp-image-6835\" srcset=\"https:\/\/sombramadrid.com\/wp-content\/uploads\/2025\/01\/the_curse_of_the_necklace-169055771-large.jpg 800w, https:\/\/sombramadrid.com\/wp-content\/uploads\/2025\/01\/the_curse_of_the_necklace-169055771-large-222x300.jpg 222w, https:\/\/sombramadrid.com\/wp-content\/uploads\/2025\/01\/the_curse_of_the_necklace-169055771-large-757x1024.jpg 757w, https:\/\/sombramadrid.com\/wp-content\/uploads\/2025\/01\/the_curse_of_the_necklace-169055771-large-768x1039.jpg 768w, https:\/\/sombramadrid.com\/wp-content\/uploads\/2025\/01\/the_curse_of_the_necklace-169055771-large-9x12.jpg 9w, https:\/\/sombramadrid.com\/wp-content\/uploads\/2025\/01\/the_curse_of_the_necklace-169055771-large-311x420.jpg 311w, https:\/\/sombramadrid.com\/wp-content\/uploads\/2025\/01\/the_curse_of_the_necklace-169055771-large-696x941.jpg 696w\" sizes=\"auto, (max-width: 800px) 100vw, 800px\" \/><\/figure>\n<\/div>\n\n\n\n<div class=\"wp-block-column is-layout-flow wp-block-column-is-layout-flow\">\n<p class=\"has-very-dark-gray-color has-cyan-bluish-gray-background-color has-text-color has-background\"><strong><strong>The Curse of the Necklace<\/strong><\/strong> <strong>| Sesi\u00f3n especial fuera de competici\u00f3n<\/strong><\/p>\n\n\n\n<p class=\"has-very-dark-gray-color has-very-light-gray-background-color has-text-color has-background\"><strong><strong>Hora: <\/strong><\/strong>17:30<strong><strong><br>\u00bfD\u00f3nde?: &nbsp;<\/strong><\/strong>Sala Berlanga<\/p>\n\n\n\n<p class=\"has-very-dark-gray-color has-luminous-vivid-amber-background-color has-text-color has-background\"><strong><strong>Preestreno<\/strong><\/strong><\/p>\n\n\n\n<div class=\"wp-block-columns is-layout-flex wp-container-core-columns-is-layout-37 wp-block-columns-is-layout-flex\">\n<div class=\"wp-block-column is-layout-flow wp-block-column-is-layout-flow\">\n<div class=\"wp-block-buttons is-layout-flex wp-block-buttons-is-layout-flex\">\n<div class=\"wp-block-button\"><a class=\"wp-block-button__link has-very-light-gray-color has-vivid-red-background-color has-text-color has-background wp-element-button\" href=\"https:\/\/sombramadrid.com\/en\/largometrajes-sombra-2025\/the-curse-of-the-necklace-pre-estreno\/\">M\u00c1S INFORMACI\u00d3N<\/a><\/div>\n<\/div>\n<\/div>\n\n\n\n<div class=\"wp-block-column is-layout-flow wp-block-column-is-layout-flow\">\n<div class=\"wp-block-buttons is-layout-flex wp-block-buttons-is-layout-flex\">\n<div class=\"wp-block-button\"><a class=\"wp-block-button__link wp-element-button\" href=\"https:\/\/cine.entradas.com\/cine\/madrid\/sala-berlanga\/evento\/3067\">COMPRAR ENTRADAS<\/a><\/div>\n<\/div>\n<\/div>\n<\/div>\n<\/div>\n<\/div>\n<\/div><\/div>\n<\/div><\/div>\n\n\n\n<div class=\"wp-block-columns is-layout-flex wp-container-core-columns-is-layout-40 wp-block-columns-is-layout-flex\">\n<div class=\"wp-block-column is-layout-flow wp-block-column-is-layout-flow\">\n<figure class=\"wp-block-image size-full td-caption-align-https:\/\/sombramadrid.com\/wp-content\/uploads\/2024\/02\/jam-781916103-large.jpg\"><img loading=\"lazy\" decoding=\"async\" width=\"832\" height=\"1200\" src=\"https:\/\/sombramadrid.com\/wp-content\/uploads\/2025\/01\/anatema-906014157-large.jpg\" alt=\"\" class=\"wp-image-6829\" srcset=\"https:\/\/sombramadrid.com\/wp-content\/uploads\/2025\/01\/anatema-906014157-large.jpg 832w, https:\/\/sombramadrid.com\/wp-content\/uploads\/2025\/01\/anatema-906014157-large-208x300.jpg 208w, https:\/\/sombramadrid.com\/wp-content\/uploads\/2025\/01\/anatema-906014157-large-710x1024.jpg 710w, https:\/\/sombramadrid.com\/wp-content\/uploads\/2025\/01\/anatema-906014157-large-768x1108.jpg 768w, https:\/\/sombramadrid.com\/wp-content\/uploads\/2025\/01\/anatema-906014157-large-8x12.jpg 8w, https:\/\/sombramadrid.com\/wp-content\/uploads\/2025\/01\/anatema-906014157-large-291x420.jpg 291w, https:\/\/sombramadrid.com\/wp-content\/uploads\/2025\/01\/anatema-906014157-large-696x1004.jpg 696w\" sizes=\"auto, (max-width: 832px) 100vw, 832px\" \/><\/figure>\n<\/div>\n\n\n\n<div class=\"wp-block-column is-layout-flow wp-block-column-is-layout-flow\">\n<p class=\"has-very-dark-gray-color has-cyan-bluish-gray-background-color has-text-color has-background\"><strong>Anatema | Sesi\u00f3n especial fuera de competici\u00f3n<\/strong><\/p>\n\n\n\n<p class=\"has-very-dark-gray-color has-very-light-gray-background-color has-text-color has-background\"><strong><strong>Hora: <\/strong><\/strong>19:30<strong><strong><br>\u00bfD\u00f3nde?: &nbsp;<\/strong><\/strong>Sala Berlanga<\/p>\n\n\n\n<p class=\"has-black-color has-luminous-vivid-amber-background-color has-text-color has-background\"><strong>+ <strong>Mesa Redonda: La mujer en el cine de g\u00e9nero<\/strong><\/strong> <strong>con Jimina Sabad\u00fa, A\u00edda Cordero y Elena Mu\u00f1oz<\/strong><\/p>\n\n\n\n<div class=\"wp-block-columns is-layout-flex wp-container-core-columns-is-layout-39 wp-block-columns-is-layout-flex\">\n<div class=\"wp-block-column is-layout-flow wp-block-column-is-layout-flow\">\n<div class=\"wp-block-buttons is-layout-flex wp-block-buttons-is-layout-flex\">\n<div class=\"wp-block-button\"><a class=\"wp-block-button__link has-very-light-gray-color has-vivid-red-background-color has-text-color has-background wp-element-button\" href=\"https:\/\/sombramadrid.com\/en\/largometrajes-sombra-2025\/anatema-sesion-especial-fuera-de-competicion\/\">M\u00c1S INFORMACI\u00d3N<\/a><\/div>\n<\/div>\n<\/div>\n\n\n\n<div class=\"wp-block-column is-layout-flow wp-block-column-is-layout-flow\">\n<div class=\"wp-block-buttons alignwide is-content-justification-center is-layout-flex wp-container-core-buttons-is-layout-38 wp-block-buttons-is-layout-flex\">\n<div class=\"wp-block-button\"><a class=\"wp-block-button__link wp-element-button\" href=\"https:\/\/salaberlanga.com\/actividad\/anatema-mesa-redonda-la-mujer-en-el-cine-de-genero-con-jimina-sibidu-elena-munoz-y-aida-cordero\/\">ENTRADA GRATUITA<\/a><\/div>\n<\/div>\n<\/div>\n<\/div>\n<\/div>\n<\/div>\n\n\n\n<hr class=\"wp-block-separator has-text-color has-background has-very-light-gray-background-color has-very-light-gray-color is-style-wide\"\/>\n\n\n\n<h3 class=\"wp-block-heading has-text-align-center\">Domingo, 23 de marzo<\/h3>\n\n\n\n<div class=\"wp-block-group\"><div class=\"wp-block-group__inner-container is-layout-constrained wp-block-group-is-layout-constrained\">\n<div class=\"wp-block-columns is-layout-flex wp-container-core-columns-is-layout-42 wp-block-columns-is-layout-flex\">\n<div class=\"wp-block-column is-layout-flow wp-block-column-is-layout-flow\">\n<figure class=\"wp-block-image size-full td-caption-align-https:\/\/sombramadrid.com\/wp-content\/uploads\/2024\/02\/jam-781916103-large.jpg\"><img loading=\"lazy\" decoding=\"async\" width=\"810\" height=\"1200\" src=\"https:\/\/sombramadrid.com\/wp-content\/uploads\/2025\/01\/amigo_invisible-691009665-large.jpg\" alt=\"\" class=\"wp-image-6845\" srcset=\"https:\/\/sombramadrid.com\/wp-content\/uploads\/2025\/01\/amigo_invisible-691009665-large.jpg 810w, https:\/\/sombramadrid.com\/wp-content\/uploads\/2025\/01\/amigo_invisible-691009665-large-203x300.jpg 203w, https:\/\/sombramadrid.com\/wp-content\/uploads\/2025\/01\/amigo_invisible-691009665-large-691x1024.jpg 691w, https:\/\/sombramadrid.com\/wp-content\/uploads\/2025\/01\/amigo_invisible-691009665-large-768x1138.jpg 768w, https:\/\/sombramadrid.com\/wp-content\/uploads\/2025\/01\/amigo_invisible-691009665-large-8x12.jpg 8w, https:\/\/sombramadrid.com\/wp-content\/uploads\/2025\/01\/amigo_invisible-691009665-large-284x420.jpg 284w, https:\/\/sombramadrid.com\/wp-content\/uploads\/2025\/01\/amigo_invisible-691009665-large-696x1031.jpg 696w\" sizes=\"auto, (max-width: 810px) 100vw, 810px\" \/><\/figure>\n<\/div>\n\n\n\n<div class=\"wp-block-column is-layout-flow wp-block-column-is-layout-flow\">\n<p class=\"has-very-dark-gray-color has-cyan-bluish-gray-background-color has-text-color has-background\"><strong>Amigo Invisible | Sesi\u00f3n patrocinada Fonofox fuera de competici\u00f3n<\/strong><\/p>\n\n\n\n<p class=\"has-very-dark-gray-color has-very-light-gray-background-color has-text-color has-background\"><strong><strong>Hora: <\/strong><\/strong>12:00<strong><strong><br>\u00bfD\u00f3nde?: &nbsp;<\/strong><\/strong>Cine Embajadores (Sala 4)<\/p>\n\n\n\n<div class=\"wp-block-columns is-layout-flex wp-container-core-columns-is-layout-41 wp-block-columns-is-layout-flex\">\n<div class=\"wp-block-column is-layout-flow wp-block-column-is-layout-flow\">\n<div class=\"wp-block-buttons is-layout-flex wp-block-buttons-is-layout-flex\">\n<div class=\"wp-block-button\"><a class=\"wp-block-button__link has-very-light-gray-color has-vivid-red-background-color has-text-color has-background wp-element-button\" href=\"https:\/\/sombramadrid.com\/en\/largometrajes-sombra-2025\/amigo-invisible-sesion-especial-fonofox-fuera-de-competicion\/\">M\u00c1S INFORMACI\u00d3N<\/a><\/div>\n<\/div>\n<\/div>\n\n\n\n<div class=\"wp-block-column is-layout-flow wp-block-column-is-layout-flow\">\n<div class=\"wp-block-buttons is-layout-flex wp-block-buttons-is-layout-flex\">\n<div class=\"wp-block-button\"><a class=\"wp-block-button__link wp-element-button\" href=\"https:\/\/ticketandroll.com\/evento\/amigo-invisible-en-cines-embajadores-sala-4-23-Mar\">COMPRAR ENTRADAS<\/a><\/div>\n<\/div>\n<\/div>\n<\/div>\n<\/div>\n<\/div>\n<\/div><\/div>\n\n\n\n<p>&nbsp;<\/p>\n\n\n\n<div class=\"wp-block-group\"><div class=\"wp-block-group__inner-container is-layout-constrained wp-block-group-is-layout-constrained\"><\/div><\/div>\n\n\n\n<p>&nbsp;<\/p>\n\n\n\n<div class=\"wp-block-group\"><div class=\"wp-block-group__inner-container is-layout-constrained wp-block-group-is-layout-constrained\"><\/div><\/div>\n\n\n\n<hr class=\"wp-block-separator has-text-color has-background has-very-light-gray-background-color has-very-light-gray-color is-style-wide\"\/>\n\n\n\n<hr class=\"wp-block-separator has-text-color has-background has-very-light-gray-background-color has-very-light-gray-color is-style-wide\"\/>\n\n\n\n<div class=\"wp-block-group\"><div class=\"wp-block-group__inner-container is-layout-constrained wp-block-group-is-layout-constrained\"><\/div><\/div>","protected":false},"excerpt":{"rendered":"<p>&nbsp; Domingo, 16 de marzo Jungla de Cristal | Retrospectiva Hora: 20:00\u00bfD\u00f3nde?: &nbsp;Palacio de la Prensa (Sala 1) Presentada por John McTiernan Q&amp;A posterior con John McTiernan &nbsp; Martes, 18 de marzo Twilight of the Warriors: Walled In | Ciclo Asiavisi\u00f3n + Cortometraje sorpresa fuera de competici\u00f3n Hora: 17:30\u00bfD\u00f3nde?: &nbsp;Sala Berlanga Cortometrajes | Secci\u00f3n Oficial [&hellip;]<\/p>","protected":false},"author":2,"featured_media":0,"parent":0,"menu_order":0,"comment_status":"closed","ping_status":"closed","template":"","meta":{"footnotes":""},"class_list":["post-6874","page","type-page","status-publish"],"yoast_head":"<!-- This site is optimized with the Yoast SEO plugin v24.3 - https:\/\/yoast.com\/wordpress\/plugins\/seo\/ -->\n<title>PROGRAMACI\u00d3N SOMBRA MADRID 2025 - Sombra Festival<\/title>\n<meta name=\"robots\" content=\"index, follow, max-snippet:-1, max-image-preview:large, max-video-preview:-1\" \/>\n<link rel=\"canonical\" href=\"https:\/\/sombramadrid.com\/en\/programacion-sombra-madrid-2025\/\" \/>\n<meta property=\"og:locale\" content=\"en_GB\" \/>\n<meta property=\"og:type\" content=\"article\" \/>\n<meta property=\"og:title\" content=\"PROGRAMACI\u00d3N SOMBRA MADRID 2025 - Sombra Festival\" \/>\n<meta property=\"og:description\" content=\"&nbsp; Domingo, 16 de marzo Jungla de Cristal | Retrospectiva Hora: 20:00\u00bfD\u00f3nde?: &nbsp;Palacio de la Prensa (Sala 1) Presentada por John McTiernan Q&amp;A posterior con John McTiernan &nbsp; Martes, 18 de marzo Twilight of the Warriors: Walled In | Ciclo Asiavisi\u00f3n + Cortometraje sorpresa fuera de competici\u00f3n Hora: 17:30\u00bfD\u00f3nde?: &nbsp;Sala Berlanga Cortometrajes | Secci\u00f3n Oficial [&hellip;]\" \/>\n<meta property=\"og:url\" content=\"https:\/\/sombramadrid.com\/en\/programacion-sombra-madrid-2025\/\" \/>\n<meta property=\"og:site_name\" content=\"Sombra Festival\" \/>\n<meta property=\"article:publisher\" content=\"https:\/\/www.facebook.com\/Sombra-Festival-De-CINE-Fantastico-Europeo-De-Murcia-175337032531429\/\" \/>\n<meta property=\"article:modified_time\" content=\"2025-03-14T08:57:35+00:00\" \/>\n<meta property=\"og:image\" content=\"https:\/\/sombramadrid.com\/wp-content\/uploads\/2025\/01\/die_hard-336213173-large.jpg\" \/>\n\t<meta property=\"og:image:width\" content=\"615\" \/>\n\t<meta property=\"og:image:height\" content=\"923\" \/>\n\t<meta property=\"og:image:type\" content=\"image\/jpeg\" \/>\n<meta name=\"twitter:card\" content=\"summary_large_image\" \/>\n<meta name=\"twitter:site\" content=\"@SombraFestival\" \/>\n<meta name=\"twitter:label1\" content=\"Est. reading time\" \/>\n\t<meta name=\"twitter:data1\" content=\"7 minutes\" \/>\n<script type=\"application\/ld+json\" class=\"yoast-schema-graph\">{\"@context\":\"https:\/\/schema.org\",\"@graph\":[{\"@type\":\"WebPage\",\"@id\":\"https:\/\/sombramadrid.com\/programacion-sombra-madrid-2025\/\",\"url\":\"https:\/\/sombramadrid.com\/programacion-sombra-madrid-2025\/\",\"name\":\"PROGRAMACI\u00d3N SOMBRA MADRID 2025 - Sombra Festival\",\"isPartOf\":{\"@id\":\"https:\/\/sombramadrid.com\/#website\"},\"primaryImageOfPage\":{\"@id\":\"https:\/\/sombramadrid.com\/programacion-sombra-madrid-2025\/#primaryimage\"},\"image\":{\"@id\":\"https:\/\/sombramadrid.com\/programacion-sombra-madrid-2025\/#primaryimage\"},\"thumbnailUrl\":\"https:\/\/sombramadrid.com\/wp-content\/uploads\/2025\/01\/die_hard-336213173-large.jpg\",\"datePublished\":\"2025-02-04T19:20:09+00:00\",\"dateModified\":\"2025-03-14T08:57:35+00:00\",\"breadcrumb\":{\"@id\":\"https:\/\/sombramadrid.com\/programacion-sombra-madrid-2025\/#breadcrumb\"},\"inLanguage\":\"en-GB\",\"potentialAction\":[{\"@type\":\"ReadAction\",\"target\":[\"https:\/\/sombramadrid.com\/programacion-sombra-madrid-2025\/\"]}]},{\"@type\":\"ImageObject\",\"inLanguage\":\"en-GB\",\"@id\":\"https:\/\/sombramadrid.com\/programacion-sombra-madrid-2025\/#primaryimage\",\"url\":\"https:\/\/sombramadrid.com\/wp-content\/uploads\/2025\/01\/die_hard-336213173-large.jpg\",\"contentUrl\":\"https:\/\/sombramadrid.com\/wp-content\/uploads\/2025\/01\/die_hard-336213173-large.jpg\"},{\"@type\":\"BreadcrumbList\",\"@id\":\"https:\/\/sombramadrid.com\/programacion-sombra-madrid-2025\/#breadcrumb\",\"itemListElement\":[{\"@type\":\"ListItem\",\"position\":1,\"name\":\"Portada\",\"item\":\"https:\/\/sombramadrid.com\/\"},{\"@type\":\"ListItem\",\"position\":2,\"name\":\"PROGRAMACI\u00d3N SOMBRA MADRID 2025\"}]},{\"@type\":\"WebSite\",\"@id\":\"https:\/\/sombramadrid.com\/#website\",\"url\":\"https:\/\/sombramadrid.com\/\",\"name\":\"Sombra Festival\",\"description\":\"XIII Festival de Cine Fant\u00e1stico Europeo de Murcia, 8-17 MARZO 2024\",\"publisher\":{\"@id\":\"https:\/\/sombramadrid.com\/#organization\"},\"potentialAction\":[{\"@type\":\"SearchAction\",\"target\":{\"@type\":\"EntryPoint\",\"urlTemplate\":\"https:\/\/sombramadrid.com\/?s={search_term_string}\"},\"query-input\":{\"@type\":\"PropertyValueSpecification\",\"valueRequired\":true,\"valueName\":\"search_term_string\"}}],\"inLanguage\":\"en-GB\"},{\"@type\":\"Organization\",\"@id\":\"https:\/\/sombramadrid.com\/#organization\",\"name\":\"SOMBRA, IX FESTIVAL DE CINE FANTASTICO EUROPEO DE MURCIA\",\"url\":\"https:\/\/sombramadrid.com\/\",\"logo\":{\"@type\":\"ImageObject\",\"inLanguage\":\"en-GB\",\"@id\":\"https:\/\/sombramadrid.com\/#\/schema\/logo\/image\/\",\"url\":\"https:\/\/sombramadrid.com\/wp-content\/uploads\/2019\/10\/Sombra-LogoIdentificador-Negativo.jpg\",\"contentUrl\":\"https:\/\/sombramadrid.com\/wp-content\/uploads\/2019\/10\/Sombra-LogoIdentificador-Negativo.jpg\",\"width\":400,\"height\":400,\"caption\":\"SOMBRA, IX FESTIVAL DE CINE FANTASTICO EUROPEO DE MURCIA\"},\"image\":{\"@id\":\"https:\/\/sombramadrid.com\/#\/schema\/logo\/image\/\"},\"sameAs\":[\"https:\/\/www.facebook.com\/Sombra-Festival-De-CINE-Fantastico-Europeo-De-Murcia-175337032531429\/\",\"https:\/\/x.com\/SombraFestival\",\"https:\/\/www.instagram.com\/sombrafestival\/\",\"https:\/\/www.youtube.com\/channel\/UCBdSJni9V30Tq4cGf4Lj0Ug?view_as=subscriber\"]}]}<\/script>\n<!-- \/ Yoast SEO plugin. -->","yoast_head_json":{"title":"PROGRAMACI\u00d3N SOMBRA MADRID 2025 - Sombra Festival","robots":{"index":"index","follow":"follow","max-snippet":"max-snippet:-1","max-image-preview":"max-image-preview:large","max-video-preview":"max-video-preview:-1"},"canonical":"https:\/\/sombramadrid.com\/en\/programacion-sombra-madrid-2025\/","og_locale":"en_GB","og_type":"article","og_title":"PROGRAMACI\u00d3N SOMBRA MADRID 2025 - Sombra Festival","og_description":"&nbsp; Domingo, 16 de marzo Jungla de Cristal | Retrospectiva Hora: 20:00\u00bfD\u00f3nde?: &nbsp;Palacio de la Prensa (Sala 1) Presentada por John McTiernan Q&amp;A posterior con John McTiernan &nbsp; Martes, 18 de marzo Twilight of the Warriors: Walled In | Ciclo Asiavisi\u00f3n + Cortometraje sorpresa fuera de competici\u00f3n Hora: 17:30\u00bfD\u00f3nde?: &nbsp;Sala Berlanga Cortometrajes | Secci\u00f3n Oficial [&hellip;]","og_url":"https:\/\/sombramadrid.com\/en\/programacion-sombra-madrid-2025\/","og_site_name":"Sombra Festival","article_publisher":"https:\/\/www.facebook.com\/Sombra-Festival-De-CINE-Fantastico-Europeo-De-Murcia-175337032531429\/","article_modified_time":"2025-03-14T08:57:35+00:00","og_image":[{"width":615,"height":923,"url":"https:\/\/sombramadrid.com\/wp-content\/uploads\/2025\/01\/die_hard-336213173-large.jpg","type":"image\/jpeg"}],"twitter_card":"summary_large_image","twitter_site":"@SombraFestival","twitter_misc":{"Est. reading time":"7 minutes"},"schema":{"@context":"https:\/\/schema.org","@graph":[{"@type":"WebPage","@id":"https:\/\/sombramadrid.com\/programacion-sombra-madrid-2025\/","url":"https:\/\/sombramadrid.com\/programacion-sombra-madrid-2025\/","name":"PROGRAMACI\u00d3N SOMBRA MADRID 2025 - Sombra Festival","isPartOf":{"@id":"https:\/\/sombramadrid.com\/#website"},"primaryImageOfPage":{"@id":"https:\/\/sombramadrid.com\/programacion-sombra-madrid-2025\/#primaryimage"},"image":{"@id":"https:\/\/sombramadrid.com\/programacion-sombra-madrid-2025\/#primaryimage"},"thumbnailUrl":"https:\/\/sombramadrid.com\/wp-content\/uploads\/2025\/01\/die_hard-336213173-large.jpg","datePublished":"2025-02-04T19:20:09+00:00","dateModified":"2025-03-14T08:57:35+00:00","breadcrumb":{"@id":"https:\/\/sombramadrid.com\/programacion-sombra-madrid-2025\/#breadcrumb"},"inLanguage":"en-GB","potentialAction":[{"@type":"ReadAction","target":["https:\/\/sombramadrid.com\/programacion-sombra-madrid-2025\/"]}]},{"@type":"ImageObject","inLanguage":"en-GB","@id":"https:\/\/sombramadrid.com\/programacion-sombra-madrid-2025\/#primaryimage","url":"https:\/\/sombramadrid.com\/wp-content\/uploads\/2025\/01\/die_hard-336213173-large.jpg","contentUrl":"https:\/\/sombramadrid.com\/wp-content\/uploads\/2025\/01\/die_hard-336213173-large.jpg"},{"@type":"BreadcrumbList","@id":"https:\/\/sombramadrid.com\/programacion-sombra-madrid-2025\/#breadcrumb","itemListElement":[{"@type":"ListItem","position":1,"name":"Portada","item":"https:\/\/sombramadrid.com\/"},{"@type":"ListItem","position":2,"name":"PROGRAMACI\u00d3N SOMBRA MADRID 2025"}]},{"@type":"WebSite","@id":"https:\/\/sombramadrid.com\/#website","url":"https:\/\/sombramadrid.com\/","name":"Sombra Festival","description":"XIII Festival de Cine Fant\u00e1stico Europeo de Murcia, 8-17 MARZO 2024","publisher":{"@id":"https:\/\/sombramadrid.com\/#organization"},"potentialAction":[{"@type":"SearchAction","target":{"@type":"EntryPoint","urlTemplate":"https:\/\/sombramadrid.com\/?s={search_term_string}"},"query-input":{"@type":"PropertyValueSpecification","valueRequired":true,"valueName":"search_term_string"}}],"inLanguage":"en-GB"},{"@type":"Organization","@id":"https:\/\/sombramadrid.com\/#organization","name":"SOMBRA, IX FESTIVAL DE CINE FANTASTICO EUROPEO DE MURCIA","url":"https:\/\/sombramadrid.com\/","logo":{"@type":"ImageObject","inLanguage":"en-GB","@id":"https:\/\/sombramadrid.com\/#\/schema\/logo\/image\/","url":"https:\/\/sombramadrid.com\/wp-content\/uploads\/2019\/10\/Sombra-LogoIdentificador-Negativo.jpg","contentUrl":"https:\/\/sombramadrid.com\/wp-content\/uploads\/2019\/10\/Sombra-LogoIdentificador-Negativo.jpg","width":400,"height":400,"caption":"SOMBRA, IX FESTIVAL DE CINE FANTASTICO EUROPEO DE MURCIA"},"image":{"@id":"https:\/\/sombramadrid.com\/#\/schema\/logo\/image\/"},"sameAs":["https:\/\/www.facebook.com\/Sombra-Festival-De-CINE-Fantastico-Europeo-De-Murcia-175337032531429\/","https:\/\/x.com\/SombraFestival","https:\/\/www.instagram.com\/sombrafestival\/","https:\/\/www.youtube.com\/channel\/UCBdSJni9V30Tq4cGf4Lj0Ug?view_as=subscriber"]}]}},"_links":{"self":[{"href":"https:\/\/sombramadrid.com\/en\/wp-json\/wp\/v2\/pages\/6874","targetHints":{"allow":["GET"]}}],"collection":[{"href":"https:\/\/sombramadrid.com\/en\/wp-json\/wp\/v2\/pages"}],"about":[{"href":"https:\/\/sombramadrid.com\/en\/wp-json\/wp\/v2\/types\/page"}],"author":[{"embeddable":true,"href":"https:\/\/sombramadrid.com\/en\/wp-json\/wp\/v2\/users\/2"}],"replies":[{"embeddable":true,"href":"https:\/\/sombramadrid.com\/en\/wp-json\/wp\/v2\/comments?post=6874"}],"version-history":[{"count":102,"href":"https:\/\/sombramadrid.com\/en\/wp-json\/wp\/v2\/pages\/6874\/revisions"}],"predecessor-version":[{"id":7586,"href":"https:\/\/sombramadrid.com\/en\/wp-json\/wp\/v2\/pages\/6874\/revisions\/7586"}],"wp:attachment":[{"href":"https:\/\/sombramadrid.com\/en\/wp-json\/wp\/v2\/media?parent=6874"}],"curies":[{"name":"wp","href":"https:\/\/api.w.org\/{rel}","templated":true}]}}