{"id":6847,"date":"2025-02-04T20:55:58","date_gmt":"2025-02-04T19:55:58","guid":{"rendered":"https:\/\/sombramadrid.com\/?page_id=6847"},"modified":"2025-02-08T22:44:21","modified_gmt":"2025-02-08T21:44:21","slug":"capitan-avispa-anima-t","status":"publish","type":"page","link":"https:\/\/sombramadrid.com\/en\/largometrajes-sombra-2025\/capitan-avispa-anima-t\/","title":{"rendered":"Capit\u00e1n Avispa | Anima\/t"},"content":{"rendered":"<ul>\n<li><strong>Fecha:<\/strong> Jueves, 20 de marzo<\/li>\n<li><strong>Hora:<\/strong> 11:00<\/li>\n<li><strong>Lugar:<\/strong> Sala Berlanga<\/li>\n<li><strong>Idioma:<\/strong> VO<\/li>\n<\/ul>\n<p><span style=\"color: #ffff00;\"><strong>Sin entradas a la venta | Actividad Escolar<\/strong><\/span><\/p>\n<h3>Sinopsis<\/h3>\n<p>La historia se desarrolla en Avispatropolis y el Reino de la Miel los cuales viven en armon\u00eda en el panal protegidos por el H\u00e9roe de ambos, el Capit\u00e1n Avispa, pero su archi-enemigo Avisp\u00f3n Jaques Poison y sus secuaces planean acabar con esa paz y apoderarse de ambas colonias. Est\u00e1 en las manos de este insecto defender a los suyos a toda costa, como siempre, con nobleza, justicia e inocencia.<\/p>\n<p><img loading=\"lazy\" decoding=\"async\" class=\"size-large wp-image-6884 aligncenter\" src=\"https:\/\/sombramadrid.com\/wp-content\/uploads\/2025\/01\/capitan_avispa-302490481-large-703x1024.jpg\" alt=\"\" width=\"696\" height=\"1014\" srcset=\"https:\/\/sombramadrid.com\/wp-content\/uploads\/2025\/01\/capitan_avispa-302490481-large-703x1024.jpg 703w, https:\/\/sombramadrid.com\/wp-content\/uploads\/2025\/01\/capitan_avispa-302490481-large-206x300.jpg 206w, https:\/\/sombramadrid.com\/wp-content\/uploads\/2025\/01\/capitan_avispa-302490481-large-768x1118.jpg 768w, https:\/\/sombramadrid.com\/wp-content\/uploads\/2025\/01\/capitan_avispa-302490481-large-8x12.jpg 8w, https:\/\/sombramadrid.com\/wp-content\/uploads\/2025\/01\/capitan_avispa-302490481-large-288x420.jpg 288w, https:\/\/sombramadrid.com\/wp-content\/uploads\/2025\/01\/capitan_avispa-302490481-large-696x1014.jpg 696w, https:\/\/sombramadrid.com\/wp-content\/uploads\/2025\/01\/capitan_avispa-302490481-large.jpg 824w\" sizes=\"auto, (max-width: 696px) 100vw, 696px\" \/><\/p>\n<ul>\n<li><strong>T\u00edtulo original: <\/strong>Capit\u00e1n Avispa<span style=\"color: #999999;\"><br \/>\n<\/span><\/li>\n<li><strong>A\u00f1o:<\/strong> 2024<\/li>\n<li><strong>Duraci\u00f3n:<\/strong> 90 min.<\/li>\n<li><strong>Pa\u00eds:<\/strong> Rep\u00fablica Dominicana<\/li>\n<li><strong>Direcci\u00f3n:<\/strong> Jean Gabriel Guerra, Jonnathan Melendez<\/li>\n<li><strong>Guion:<\/strong> Gustavo Lopez, Miguel Yarull. Idea: Juan Luis Guerra<\/li>\n<li><strong>Reparto:<\/strong> Animaci\u00f3n<\/li>\n<li><strong>M\u00fasica:<\/strong> Juan Luis Guerra<\/li>\n<li><strong>Fotograf\u00eda:<\/strong> Animaci\u00f3n<\/li>\n<li><strong>Compa\u00f1\u00edas:<\/strong> Guerra Films, Guerra Toons. Productor: Juan Luis Guerra. Distribuidora: Caribbean Films Distribution, Spanglish Movies<\/li>\n<li><strong>G\u00e9nero:<\/strong> Animaci\u00f3n. Aventuras. Acci\u00f3n | Superh\u00e9roes. Insectos<span style=\"color: #999999;\"><br \/>\n<\/span><\/li>\n<\/ul>","protected":false},"excerpt":{"rendered":"<p>Fecha: Jueves, 20 de marzo Hora: 11:00 Lugar: Sala Berlanga Idioma: VO Sin entradas a la venta | Actividad Escolar Sinopsis La historia se desarrolla en Avispatropolis y el Reino de la Miel los cuales viven en armon\u00eda en el panal protegidos por el H\u00e9roe de ambos, el Capit\u00e1n Avispa, pero su archi-enemigo Avisp\u00f3n Jaques [&hellip;]<\/p>","protected":false},"author":2,"featured_media":6884,"parent":6959,"menu_order":0,"comment_status":"closed","ping_status":"closed","template":"","meta":{"footnotes":""},"class_list":["post-6847","page","type-page","status-publish","has-post-thumbnail"],"yoast_head":"<!-- This site is optimized with the Yoast SEO plugin v24.3 - https:\/\/yoast.com\/wordpress\/plugins\/seo\/ -->\n<title>Capit\u00e1n Avispa | Anima\/t - Sombra Festival<\/title>\n<meta name=\"robots\" content=\"index, follow, max-snippet:-1, max-image-preview:large, max-video-preview:-1\" \/>\n<link rel=\"canonical\" href=\"https:\/\/sombramadrid.com\/en\/largometrajes-sombra-2025\/capitan-avispa-anima-t\/\" \/>\n<meta property=\"og:locale\" content=\"en_GB\" \/>\n<meta property=\"og:type\" content=\"article\" \/>\n<meta property=\"og:title\" content=\"Capit\u00e1n Avispa | Anima\/t - Sombra Festival\" \/>\n<meta property=\"og:description\" content=\"Fecha: Jueves, 20 de marzo Hora: 11:00 Lugar: Sala Berlanga Idioma: VO Sin entradas a la venta | Actividad Escolar Sinopsis La historia se desarrolla en Avispatropolis y el Reino de la Miel los cuales viven en armon\u00eda en el panal protegidos por el H\u00e9roe de ambos, el Capit\u00e1n Avispa, pero su archi-enemigo Avisp\u00f3n Jaques [&hellip;]\" \/>\n<meta property=\"og:url\" content=\"https:\/\/sombramadrid.com\/en\/largometrajes-sombra-2025\/capitan-avispa-anima-t\/\" \/>\n<meta property=\"og:site_name\" content=\"Sombra Festival\" \/>\n<meta property=\"article:publisher\" content=\"https:\/\/www.facebook.com\/Sombra-Festival-De-CINE-Fantastico-Europeo-De-Murcia-175337032531429\/\" \/>\n<meta property=\"article:modified_time\" content=\"2025-02-08T21:44:21+00:00\" \/>\n<meta property=\"og:image\" content=\"https:\/\/sombramadrid.com\/wp-content\/uploads\/2025\/01\/capitan_avispa-302490481-large.jpg\" \/>\n\t<meta property=\"og:image:width\" content=\"824\" \/>\n\t<meta property=\"og:image:height\" content=\"1200\" \/>\n\t<meta property=\"og:image:type\" content=\"image\/jpeg\" \/>\n<meta name=\"twitter:card\" content=\"summary_large_image\" \/>\n<meta name=\"twitter:site\" content=\"@SombraFestival\" \/>\n<meta name=\"twitter:label1\" content=\"Est. reading time\" \/>\n\t<meta name=\"twitter:data1\" content=\"2 minutes\" \/>\n<script type=\"application\/ld+json\" class=\"yoast-schema-graph\">{\"@context\":\"https:\/\/schema.org\",\"@graph\":[{\"@type\":\"WebPage\",\"@id\":\"https:\/\/sombramadrid.com\/largometrajes-sombra-2025\/capitan-avispa-anima-t\/\",\"url\":\"https:\/\/sombramadrid.com\/largometrajes-sombra-2025\/capitan-avispa-anima-t\/\",\"name\":\"Capit\u00e1n Avispa | Anima\/t - Sombra Festival\",\"isPartOf\":{\"@id\":\"https:\/\/sombramadrid.com\/#website\"},\"primaryImageOfPage\":{\"@id\":\"https:\/\/sombramadrid.com\/largometrajes-sombra-2025\/capitan-avispa-anima-t\/#primaryimage\"},\"image\":{\"@id\":\"https:\/\/sombramadrid.com\/largometrajes-sombra-2025\/capitan-avispa-anima-t\/#primaryimage\"},\"thumbnailUrl\":\"https:\/\/sombramadrid.com\/wp-content\/uploads\/2025\/01\/capitan_avispa-302490481-large.jpg\",\"datePublished\":\"2025-02-04T19:55:58+00:00\",\"dateModified\":\"2025-02-08T21:44:21+00:00\",\"breadcrumb\":{\"@id\":\"https:\/\/sombramadrid.com\/largometrajes-sombra-2025\/capitan-avispa-anima-t\/#breadcrumb\"},\"inLanguage\":\"en-GB\",\"potentialAction\":[{\"@type\":\"ReadAction\",\"target\":[\"https:\/\/sombramadrid.com\/largometrajes-sombra-2025\/capitan-avispa-anima-t\/\"]}]},{\"@type\":\"ImageObject\",\"inLanguage\":\"en-GB\",\"@id\":\"https:\/\/sombramadrid.com\/largometrajes-sombra-2025\/capitan-avispa-anima-t\/#primaryimage\",\"url\":\"https:\/\/sombramadrid.com\/wp-content\/uploads\/2025\/01\/capitan_avispa-302490481-large.jpg\",\"contentUrl\":\"https:\/\/sombramadrid.com\/wp-content\/uploads\/2025\/01\/capitan_avispa-302490481-large.jpg\",\"width\":824,\"height\":1200},{\"@type\":\"BreadcrumbList\",\"@id\":\"https:\/\/sombramadrid.com\/largometrajes-sombra-2025\/capitan-avispa-anima-t\/#breadcrumb\",\"itemListElement\":[{\"@type\":\"ListItem\",\"position\":1,\"name\":\"Portada\",\"item\":\"https:\/\/sombramadrid.com\/\"},{\"@type\":\"ListItem\",\"position\":2,\"name\":\"Largometrajes Sombra 2025\",\"item\":\"https:\/\/sombramadrid.com\/largometrajes-sombra-2025\/\"},{\"@type\":\"ListItem\",\"position\":3,\"name\":\"Capit\u00e1n Avispa | Anima\/t\"}]},{\"@type\":\"WebSite\",\"@id\":\"https:\/\/sombramadrid.com\/#website\",\"url\":\"https:\/\/sombramadrid.com\/\",\"name\":\"Sombra Festival\",\"description\":\"XIII Festival de Cine Fant\u00e1stico Europeo de Murcia, 8-17 MARZO 2024\",\"publisher\":{\"@id\":\"https:\/\/sombramadrid.com\/#organization\"},\"potentialAction\":[{\"@type\":\"SearchAction\",\"target\":{\"@type\":\"EntryPoint\",\"urlTemplate\":\"https:\/\/sombramadrid.com\/?s={search_term_string}\"},\"query-input\":{\"@type\":\"PropertyValueSpecification\",\"valueRequired\":true,\"valueName\":\"search_term_string\"}}],\"inLanguage\":\"en-GB\"},{\"@type\":\"Organization\",\"@id\":\"https:\/\/sombramadrid.com\/#organization\",\"name\":\"SOMBRA, IX FESTIVAL DE CINE FANTASTICO EUROPEO DE MURCIA\",\"url\":\"https:\/\/sombramadrid.com\/\",\"logo\":{\"@type\":\"ImageObject\",\"inLanguage\":\"en-GB\",\"@id\":\"https:\/\/sombramadrid.com\/#\/schema\/logo\/image\/\",\"url\":\"https:\/\/sombramadrid.com\/wp-content\/uploads\/2019\/10\/Sombra-LogoIdentificador-Negativo.jpg\",\"contentUrl\":\"https:\/\/sombramadrid.com\/wp-content\/uploads\/2019\/10\/Sombra-LogoIdentificador-Negativo.jpg\",\"width\":400,\"height\":400,\"caption\":\"SOMBRA, IX FESTIVAL DE CINE FANTASTICO EUROPEO DE MURCIA\"},\"image\":{\"@id\":\"https:\/\/sombramadrid.com\/#\/schema\/logo\/image\/\"},\"sameAs\":[\"https:\/\/www.facebook.com\/Sombra-Festival-De-CINE-Fantastico-Europeo-De-Murcia-175337032531429\/\",\"https:\/\/x.com\/SombraFestival\",\"https:\/\/www.instagram.com\/sombrafestival\/\",\"https:\/\/www.youtube.com\/channel\/UCBdSJni9V30Tq4cGf4Lj0Ug?view_as=subscriber\"]}]}<\/script>\n<!-- \/ Yoast SEO plugin. -->","yoast_head_json":{"title":"Capit\u00e1n Avispa | Anima\/t - Sombra Festival","robots":{"index":"index","follow":"follow","max-snippet":"max-snippet:-1","max-image-preview":"max-image-preview:large","max-video-preview":"max-video-preview:-1"},"canonical":"https:\/\/sombramadrid.com\/en\/largometrajes-sombra-2025\/capitan-avispa-anima-t\/","og_locale":"en_GB","og_type":"article","og_title":"Capit\u00e1n Avispa | Anima\/t - Sombra Festival","og_description":"Fecha: Jueves, 20 de marzo Hora: 11:00 Lugar: Sala Berlanga Idioma: VO Sin entradas a la venta | Actividad Escolar Sinopsis La historia se desarrolla en Avispatropolis y el Reino de la Miel los cuales viven en armon\u00eda en el panal protegidos por el H\u00e9roe de ambos, el Capit\u00e1n Avispa, pero su archi-enemigo Avisp\u00f3n Jaques [&hellip;]","og_url":"https:\/\/sombramadrid.com\/en\/largometrajes-sombra-2025\/capitan-avispa-anima-t\/","og_site_name":"Sombra Festival","article_publisher":"https:\/\/www.facebook.com\/Sombra-Festival-De-CINE-Fantastico-Europeo-De-Murcia-175337032531429\/","article_modified_time":"2025-02-08T21:44:21+00:00","og_image":[{"width":824,"height":1200,"url":"https:\/\/sombramadrid.com\/wp-content\/uploads\/2025\/01\/capitan_avispa-302490481-large.jpg","type":"image\/jpeg"}],"twitter_card":"summary_large_image","twitter_site":"@SombraFestival","twitter_misc":{"Est. reading time":"2 minutes"},"schema":{"@context":"https:\/\/schema.org","@graph":[{"@type":"WebPage","@id":"https:\/\/sombramadrid.com\/largometrajes-sombra-2025\/capitan-avispa-anima-t\/","url":"https:\/\/sombramadrid.com\/largometrajes-sombra-2025\/capitan-avispa-anima-t\/","name":"Capit\u00e1n Avispa | Anima\/t - Sombra Festival","isPartOf":{"@id":"https:\/\/sombramadrid.com\/#website"},"primaryImageOfPage":{"@id":"https:\/\/sombramadrid.com\/largometrajes-sombra-2025\/capitan-avispa-anima-t\/#primaryimage"},"image":{"@id":"https:\/\/sombramadrid.com\/largometrajes-sombra-2025\/capitan-avispa-anima-t\/#primaryimage"},"thumbnailUrl":"https:\/\/sombramadrid.com\/wp-content\/uploads\/2025\/01\/capitan_avispa-302490481-large.jpg","datePublished":"2025-02-04T19:55:58+00:00","dateModified":"2025-02-08T21:44:21+00:00","breadcrumb":{"@id":"https:\/\/sombramadrid.com\/largometrajes-sombra-2025\/capitan-avispa-anima-t\/#breadcrumb"},"inLanguage":"en-GB","potentialAction":[{"@type":"ReadAction","target":["https:\/\/sombramadrid.com\/largometrajes-sombra-2025\/capitan-avispa-anima-t\/"]}]},{"@type":"ImageObject","inLanguage":"en-GB","@id":"https:\/\/sombramadrid.com\/largometrajes-sombra-2025\/capitan-avispa-anima-t\/#primaryimage","url":"https:\/\/sombramadrid.com\/wp-content\/uploads\/2025\/01\/capitan_avispa-302490481-large.jpg","contentUrl":"https:\/\/sombramadrid.com\/wp-content\/uploads\/2025\/01\/capitan_avispa-302490481-large.jpg","width":824,"height":1200},{"@type":"BreadcrumbList","@id":"https:\/\/sombramadrid.com\/largometrajes-sombra-2025\/capitan-avispa-anima-t\/#breadcrumb","itemListElement":[{"@type":"ListItem","position":1,"name":"Portada","item":"https:\/\/sombramadrid.com\/"},{"@type":"ListItem","position":2,"name":"Largometrajes Sombra 2025","item":"https:\/\/sombramadrid.com\/largometrajes-sombra-2025\/"},{"@type":"ListItem","position":3,"name":"Capit\u00e1n Avispa | Anima\/t"}]},{"@type":"WebSite","@id":"https:\/\/sombramadrid.com\/#website","url":"https:\/\/sombramadrid.com\/","name":"Sombra Festival","description":"XIII Festival de Cine Fant\u00e1stico Europeo de Murcia, 8-17 MARZO 2024","publisher":{"@id":"https:\/\/sombramadrid.com\/#organization"},"potentialAction":[{"@type":"SearchAction","target":{"@type":"EntryPoint","urlTemplate":"https:\/\/sombramadrid.com\/?s={search_term_string}"},"query-input":{"@type":"PropertyValueSpecification","valueRequired":true,"valueName":"search_term_string"}}],"inLanguage":"en-GB"},{"@type":"Organization","@id":"https:\/\/sombramadrid.com\/#organization","name":"SOMBRA, IX FESTIVAL DE CINE FANTASTICO EUROPEO DE MURCIA","url":"https:\/\/sombramadrid.com\/","logo":{"@type":"ImageObject","inLanguage":"en-GB","@id":"https:\/\/sombramadrid.com\/#\/schema\/logo\/image\/","url":"https:\/\/sombramadrid.com\/wp-content\/uploads\/2019\/10\/Sombra-LogoIdentificador-Negativo.jpg","contentUrl":"https:\/\/sombramadrid.com\/wp-content\/uploads\/2019\/10\/Sombra-LogoIdentificador-Negativo.jpg","width":400,"height":400,"caption":"SOMBRA, IX FESTIVAL DE CINE FANTASTICO EUROPEO DE MURCIA"},"image":{"@id":"https:\/\/sombramadrid.com\/#\/schema\/logo\/image\/"},"sameAs":["https:\/\/www.facebook.com\/Sombra-Festival-De-CINE-Fantastico-Europeo-De-Murcia-175337032531429\/","https:\/\/x.com\/SombraFestival","https:\/\/www.instagram.com\/sombrafestival\/","https:\/\/www.youtube.com\/channel\/UCBdSJni9V30Tq4cGf4Lj0Ug?view_as=subscriber"]}]}},"_links":{"self":[{"href":"https:\/\/sombramadrid.com\/en\/wp-json\/wp\/v2\/pages\/6847","targetHints":{"allow":["GET"]}}],"collection":[{"href":"https:\/\/sombramadrid.com\/en\/wp-json\/wp\/v2\/pages"}],"about":[{"href":"https:\/\/sombramadrid.com\/en\/wp-json\/wp\/v2\/types\/page"}],"author":[{"embeddable":true,"href":"https:\/\/sombramadrid.com\/en\/wp-json\/wp\/v2\/users\/2"}],"replies":[{"embeddable":true,"href":"https:\/\/sombramadrid.com\/en\/wp-json\/wp\/v2\/comments?post=6847"}],"version-history":[{"count":9,"href":"https:\/\/sombramadrid.com\/en\/wp-json\/wp\/v2\/pages\/6847\/revisions"}],"predecessor-version":[{"id":7123,"href":"https:\/\/sombramadrid.com\/en\/wp-json\/wp\/v2\/pages\/6847\/revisions\/7123"}],"up":[{"embeddable":true,"href":"https:\/\/sombramadrid.com\/en\/wp-json\/wp\/v2\/pages\/6959"}],"wp:featuredmedia":[{"embeddable":true,"href":"https:\/\/sombramadrid.com\/en\/wp-json\/wp\/v2\/media\/6884"}],"wp:attachment":[{"href":"https:\/\/sombramadrid.com\/en\/wp-json\/wp\/v2\/media?parent=6847"}],"curies":[{"name":"wp","href":"https:\/\/api.w.org\/{rel}","templated":true}]}}