{"id":6828,"date":"2025-02-04T20:59:31","date_gmt":"2025-02-04T19:59:31","guid":{"rendered":"https:\/\/sombramadrid.com\/?page_id=6828"},"modified":"2025-03-05T15:30:55","modified_gmt":"2025-03-05T14:30:55","slug":"anatema-sesion-especial-fuera-de-competicion","status":"publish","type":"page","link":"https:\/\/sombramadrid.com\/en\/largometrajes-sombra-2025\/anatema-sesion-especial-fuera-de-competicion\/","title":{"rendered":"Anatema | Sesi\u00f3n especial fuera de competici\u00f3n"},"content":{"rendered":"<ul>\n<li><strong>Fecha:<\/strong> S\u00e1bado, 22 de marzo<\/li>\n<li><strong>Hora:<\/strong> 19:30<\/li>\n<li><strong>Lugar:<\/strong> Sala Berlanga<\/li>\n<li><strong>Idioma:<\/strong> VO<\/li>\n<\/ul>\n<p><a href=\"https:\/\/sombramadrid.com\/en\/actividades-sombra-2025\/mesa-redonda-la-mujer-en-el-cine-de-genero\/\"><span style=\"color: #ffff00;\"><strong>+ Mesa Redonda: La mujer en el cine de g\u00e9nero con Jimina Sabad\u00fa, A\u00edda Cordero y Elena Mu\u00f1oz<\/strong><\/span><\/a><\/p>\n<p style=\"text-align: center;\"><a href=\"https:\/\/salaberlanga.com\/actividad\/anatema-mesa-redonda-la-mujer-en-el-cine-de-genero-con-jimina-sibidu-elena-munoz-y-aida-cordero\/\"><span class=\"td_btn td_btn_lg td_default_btn\">ENTRADA GRATUITA<\/span><\/a><\/p>\n<h3>Sinopsis<\/h3>\n<p>Una joven monja, Juana Rabad\u00e1n, recibe el encargo de visitar las catacumbas de una de las iglesias m\u00e1s antiguas de Madrid. El arzobispo sospecha que bajo sus interminables t\u00faneles se encuentra el Sello de San Sime\u00f3n, colocado all\u00ed por el propio santo eremita con el fin de salvaguardar el mundo de un mal de tiempos pret\u00e9ritos. Con la ayuda del joven sacerdote \u00c1ngel, la novicia Mara, y el exorcista Cui\u00f1a, Juana bajar\u00e1 al subsuelo de la ciudad a enfrentarse no s\u00f3lo a lo sobrenatural, sino tambi\u00e9n a su pasado.<\/p>\n<p><img loading=\"lazy\" decoding=\"async\" class=\"size-large wp-image-6829 aligncenter\" src=\"https:\/\/sombramadrid.com\/wp-content\/uploads\/2025\/01\/anatema-906014157-large-710x1024.jpg\" alt=\"\" width=\"696\" height=\"1004\" srcset=\"https:\/\/sombramadrid.com\/wp-content\/uploads\/2025\/01\/anatema-906014157-large-710x1024.jpg 710w, https:\/\/sombramadrid.com\/wp-content\/uploads\/2025\/01\/anatema-906014157-large-208x300.jpg 208w, https:\/\/sombramadrid.com\/wp-content\/uploads\/2025\/01\/anatema-906014157-large-768x1108.jpg 768w, https:\/\/sombramadrid.com\/wp-content\/uploads\/2025\/01\/anatema-906014157-large-8x12.jpg 8w, https:\/\/sombramadrid.com\/wp-content\/uploads\/2025\/01\/anatema-906014157-large-291x420.jpg 291w, https:\/\/sombramadrid.com\/wp-content\/uploads\/2025\/01\/anatema-906014157-large-696x1004.jpg 696w, https:\/\/sombramadrid.com\/wp-content\/uploads\/2025\/01\/anatema-906014157-large.jpg 832w\" sizes=\"auto, (max-width: 696px) 100vw, 696px\" \/><\/p>\n<ul>\n<li><strong>T\u00edtulo original: <\/strong>Anatema<\/li>\n<li><strong>A\u00f1o:<\/strong> 2024<\/li>\n<li><strong>Duraci\u00f3n: <\/strong>\u00a091 min<\/li>\n<li><strong>Pa\u00eds:<\/strong> Espa\u00f1a<\/li>\n<li><strong>Direcci\u00f3n:<\/strong> Jimina Sabad\u00fa<\/li>\n<li><strong>Guion:<\/strong> Jimina Sabad\u00fa, Elio Quiroga<\/li>\n<li><strong>Reparto:<\/strong> Leonor Watling, Pablo Derqui, Jaime Ord\u00f3\u00f1ez, Keren Hapuc, Mauro Brussolo, Mariano Llorente, Manuel de Blas, Xo\u00e1n F\u00f3rneas, Fedra Lorente&#8230;<\/li>\n<li><strong>M\u00fasica:<\/strong> Vanessa Garde<\/li>\n<li><strong>Fotograf\u00eda:<\/strong> Luis \u00c1ngel P\u00e9rez<\/li>\n<li><strong>Compa\u00f1\u00edas:<\/strong> The Fear Collection, Pokeepsie Films, Amazon Prime Video, Sony Pictures. Productor: \u00c1lex de la Iglesia, Carolina Bang<\/li>\n<li><strong>G\u00e9nero:<\/strong> Terror | Sobrenatural. Religi\u00f3n<\/li>\n<\/ul>","protected":false},"excerpt":{"rendered":"<p>Fecha: S\u00e1bado, 22 de marzo Hora: 19:30 Lugar: Sala Berlanga Idioma: VO + Mesa Redonda: La mujer en el cine de g\u00e9nero con Jimina Sabad\u00fa, A\u00edda Cordero y Elena Mu\u00f1oz ENTRADA GRATUITA Sinopsis Una joven monja, Juana Rabad\u00e1n, recibe el encargo de visitar las catacumbas de una de las iglesias m\u00e1s antiguas de Madrid. El [&hellip;]<\/p>","protected":false},"author":2,"featured_media":6829,"parent":6959,"menu_order":0,"comment_status":"closed","ping_status":"closed","template":"","meta":{"footnotes":""},"class_list":["post-6828","page","type-page","status-publish","has-post-thumbnail"],"yoast_head":"<!-- This site is optimized with the Yoast SEO plugin v24.3 - https:\/\/yoast.com\/wordpress\/plugins\/seo\/ -->\n<title>Anatema | Sesi\u00f3n especial fuera de competici\u00f3n - Sombra Festival<\/title>\n<meta name=\"robots\" content=\"index, follow, max-snippet:-1, max-image-preview:large, max-video-preview:-1\" \/>\n<link rel=\"canonical\" href=\"https:\/\/sombramadrid.com\/en\/largometrajes-sombra-2025\/anatema-sesion-especial-fuera-de-competicion\/\" \/>\n<meta property=\"og:locale\" content=\"en_GB\" \/>\n<meta property=\"og:type\" content=\"article\" \/>\n<meta property=\"og:title\" content=\"Anatema | Sesi\u00f3n especial fuera de competici\u00f3n - Sombra Festival\" \/>\n<meta property=\"og:description\" content=\"Fecha: S\u00e1bado, 22 de marzo Hora: 19:30 Lugar: Sala Berlanga Idioma: VO + Mesa Redonda: La mujer en el cine de g\u00e9nero con Jimina Sabad\u00fa, A\u00edda Cordero y Elena Mu\u00f1oz ENTRADA GRATUITA Sinopsis Una joven monja, Juana Rabad\u00e1n, recibe el encargo de visitar las catacumbas de una de las iglesias m\u00e1s antiguas de Madrid. El [&hellip;]\" \/>\n<meta property=\"og:url\" content=\"https:\/\/sombramadrid.com\/en\/largometrajes-sombra-2025\/anatema-sesion-especial-fuera-de-competicion\/\" \/>\n<meta property=\"og:site_name\" content=\"Sombra Festival\" \/>\n<meta property=\"article:publisher\" content=\"https:\/\/www.facebook.com\/Sombra-Festival-De-CINE-Fantastico-Europeo-De-Murcia-175337032531429\/\" \/>\n<meta property=\"article:modified_time\" content=\"2025-03-05T14:30:55+00:00\" \/>\n<meta property=\"og:image\" content=\"https:\/\/sombramadrid.com\/wp-content\/uploads\/2025\/01\/anatema-906014157-large.jpg\" \/>\n\t<meta property=\"og:image:width\" content=\"832\" \/>\n\t<meta property=\"og:image:height\" content=\"1200\" \/>\n\t<meta property=\"og:image:type\" content=\"image\/jpeg\" \/>\n<meta name=\"twitter:card\" content=\"summary_large_image\" \/>\n<meta name=\"twitter:site\" content=\"@SombraFestival\" \/>\n<meta name=\"twitter:label1\" content=\"Est. reading time\" \/>\n\t<meta name=\"twitter:data1\" content=\"2 minutes\" \/>\n<script type=\"application\/ld+json\" class=\"yoast-schema-graph\">{\"@context\":\"https:\/\/schema.org\",\"@graph\":[{\"@type\":\"WebPage\",\"@id\":\"https:\/\/sombramadrid.com\/largometrajes-sombra-2025\/anatema-sesion-especial-fuera-de-competicion\/\",\"url\":\"https:\/\/sombramadrid.com\/largometrajes-sombra-2025\/anatema-sesion-especial-fuera-de-competicion\/\",\"name\":\"Anatema | Sesi\u00f3n especial fuera de competici\u00f3n - Sombra Festival\",\"isPartOf\":{\"@id\":\"https:\/\/sombramadrid.com\/#website\"},\"primaryImageOfPage\":{\"@id\":\"https:\/\/sombramadrid.com\/largometrajes-sombra-2025\/anatema-sesion-especial-fuera-de-competicion\/#primaryimage\"},\"image\":{\"@id\":\"https:\/\/sombramadrid.com\/largometrajes-sombra-2025\/anatema-sesion-especial-fuera-de-competicion\/#primaryimage\"},\"thumbnailUrl\":\"https:\/\/sombramadrid.com\/wp-content\/uploads\/2025\/01\/anatema-906014157-large.jpg\",\"datePublished\":\"2025-02-04T19:59:31+00:00\",\"dateModified\":\"2025-03-05T14:30:55+00:00\",\"breadcrumb\":{\"@id\":\"https:\/\/sombramadrid.com\/largometrajes-sombra-2025\/anatema-sesion-especial-fuera-de-competicion\/#breadcrumb\"},\"inLanguage\":\"en-GB\",\"potentialAction\":[{\"@type\":\"ReadAction\",\"target\":[\"https:\/\/sombramadrid.com\/largometrajes-sombra-2025\/anatema-sesion-especial-fuera-de-competicion\/\"]}]},{\"@type\":\"ImageObject\",\"inLanguage\":\"en-GB\",\"@id\":\"https:\/\/sombramadrid.com\/largometrajes-sombra-2025\/anatema-sesion-especial-fuera-de-competicion\/#primaryimage\",\"url\":\"https:\/\/sombramadrid.com\/wp-content\/uploads\/2025\/01\/anatema-906014157-large.jpg\",\"contentUrl\":\"https:\/\/sombramadrid.com\/wp-content\/uploads\/2025\/01\/anatema-906014157-large.jpg\",\"width\":832,\"height\":1200},{\"@type\":\"BreadcrumbList\",\"@id\":\"https:\/\/sombramadrid.com\/largometrajes-sombra-2025\/anatema-sesion-especial-fuera-de-competicion\/#breadcrumb\",\"itemListElement\":[{\"@type\":\"ListItem\",\"position\":1,\"name\":\"Portada\",\"item\":\"https:\/\/sombramadrid.com\/\"},{\"@type\":\"ListItem\",\"position\":2,\"name\":\"Largometrajes Sombra 2025\",\"item\":\"https:\/\/sombramadrid.com\/largometrajes-sombra-2025\/\"},{\"@type\":\"ListItem\",\"position\":3,\"name\":\"Anatema | Sesi\u00f3n especial fuera de competici\u00f3n\"}]},{\"@type\":\"WebSite\",\"@id\":\"https:\/\/sombramadrid.com\/#website\",\"url\":\"https:\/\/sombramadrid.com\/\",\"name\":\"Sombra Festival\",\"description\":\"XIII Festival de Cine Fant\u00e1stico Europeo de Murcia, 8-17 MARZO 2024\",\"publisher\":{\"@id\":\"https:\/\/sombramadrid.com\/#organization\"},\"potentialAction\":[{\"@type\":\"SearchAction\",\"target\":{\"@type\":\"EntryPoint\",\"urlTemplate\":\"https:\/\/sombramadrid.com\/?s={search_term_string}\"},\"query-input\":{\"@type\":\"PropertyValueSpecification\",\"valueRequired\":true,\"valueName\":\"search_term_string\"}}],\"inLanguage\":\"en-GB\"},{\"@type\":\"Organization\",\"@id\":\"https:\/\/sombramadrid.com\/#organization\",\"name\":\"SOMBRA, IX FESTIVAL DE CINE FANTASTICO EUROPEO DE MURCIA\",\"url\":\"https:\/\/sombramadrid.com\/\",\"logo\":{\"@type\":\"ImageObject\",\"inLanguage\":\"en-GB\",\"@id\":\"https:\/\/sombramadrid.com\/#\/schema\/logo\/image\/\",\"url\":\"https:\/\/sombramadrid.com\/wp-content\/uploads\/2019\/10\/Sombra-LogoIdentificador-Negativo.jpg\",\"contentUrl\":\"https:\/\/sombramadrid.com\/wp-content\/uploads\/2019\/10\/Sombra-LogoIdentificador-Negativo.jpg\",\"width\":400,\"height\":400,\"caption\":\"SOMBRA, IX FESTIVAL DE CINE FANTASTICO EUROPEO DE MURCIA\"},\"image\":{\"@id\":\"https:\/\/sombramadrid.com\/#\/schema\/logo\/image\/\"},\"sameAs\":[\"https:\/\/www.facebook.com\/Sombra-Festival-De-CINE-Fantastico-Europeo-De-Murcia-175337032531429\/\",\"https:\/\/x.com\/SombraFestival\",\"https:\/\/www.instagram.com\/sombrafestival\/\",\"https:\/\/www.youtube.com\/channel\/UCBdSJni9V30Tq4cGf4Lj0Ug?view_as=subscriber\"]}]}<\/script>\n<!-- \/ Yoast SEO plugin. -->","yoast_head_json":{"title":"Anatema | Sesi\u00f3n especial fuera de competici\u00f3n - Sombra Festival","robots":{"index":"index","follow":"follow","max-snippet":"max-snippet:-1","max-image-preview":"max-image-preview:large","max-video-preview":"max-video-preview:-1"},"canonical":"https:\/\/sombramadrid.com\/en\/largometrajes-sombra-2025\/anatema-sesion-especial-fuera-de-competicion\/","og_locale":"en_GB","og_type":"article","og_title":"Anatema | Sesi\u00f3n especial fuera de competici\u00f3n - Sombra Festival","og_description":"Fecha: S\u00e1bado, 22 de marzo Hora: 19:30 Lugar: Sala Berlanga Idioma: VO + Mesa Redonda: La mujer en el cine de g\u00e9nero con Jimina Sabad\u00fa, A\u00edda Cordero y Elena Mu\u00f1oz ENTRADA GRATUITA Sinopsis Una joven monja, Juana Rabad\u00e1n, recibe el encargo de visitar las catacumbas de una de las iglesias m\u00e1s antiguas de Madrid. El [&hellip;]","og_url":"https:\/\/sombramadrid.com\/en\/largometrajes-sombra-2025\/anatema-sesion-especial-fuera-de-competicion\/","og_site_name":"Sombra Festival","article_publisher":"https:\/\/www.facebook.com\/Sombra-Festival-De-CINE-Fantastico-Europeo-De-Murcia-175337032531429\/","article_modified_time":"2025-03-05T14:30:55+00:00","og_image":[{"width":832,"height":1200,"url":"https:\/\/sombramadrid.com\/wp-content\/uploads\/2025\/01\/anatema-906014157-large.jpg","type":"image\/jpeg"}],"twitter_card":"summary_large_image","twitter_site":"@SombraFestival","twitter_misc":{"Est. reading time":"2 minutes"},"schema":{"@context":"https:\/\/schema.org","@graph":[{"@type":"WebPage","@id":"https:\/\/sombramadrid.com\/largometrajes-sombra-2025\/anatema-sesion-especial-fuera-de-competicion\/","url":"https:\/\/sombramadrid.com\/largometrajes-sombra-2025\/anatema-sesion-especial-fuera-de-competicion\/","name":"Anatema | Sesi\u00f3n especial fuera de competici\u00f3n - Sombra Festival","isPartOf":{"@id":"https:\/\/sombramadrid.com\/#website"},"primaryImageOfPage":{"@id":"https:\/\/sombramadrid.com\/largometrajes-sombra-2025\/anatema-sesion-especial-fuera-de-competicion\/#primaryimage"},"image":{"@id":"https:\/\/sombramadrid.com\/largometrajes-sombra-2025\/anatema-sesion-especial-fuera-de-competicion\/#primaryimage"},"thumbnailUrl":"https:\/\/sombramadrid.com\/wp-content\/uploads\/2025\/01\/anatema-906014157-large.jpg","datePublished":"2025-02-04T19:59:31+00:00","dateModified":"2025-03-05T14:30:55+00:00","breadcrumb":{"@id":"https:\/\/sombramadrid.com\/largometrajes-sombra-2025\/anatema-sesion-especial-fuera-de-competicion\/#breadcrumb"},"inLanguage":"en-GB","potentialAction":[{"@type":"ReadAction","target":["https:\/\/sombramadrid.com\/largometrajes-sombra-2025\/anatema-sesion-especial-fuera-de-competicion\/"]}]},{"@type":"ImageObject","inLanguage":"en-GB","@id":"https:\/\/sombramadrid.com\/largometrajes-sombra-2025\/anatema-sesion-especial-fuera-de-competicion\/#primaryimage","url":"https:\/\/sombramadrid.com\/wp-content\/uploads\/2025\/01\/anatema-906014157-large.jpg","contentUrl":"https:\/\/sombramadrid.com\/wp-content\/uploads\/2025\/01\/anatema-906014157-large.jpg","width":832,"height":1200},{"@type":"BreadcrumbList","@id":"https:\/\/sombramadrid.com\/largometrajes-sombra-2025\/anatema-sesion-especial-fuera-de-competicion\/#breadcrumb","itemListElement":[{"@type":"ListItem","position":1,"name":"Portada","item":"https:\/\/sombramadrid.com\/"},{"@type":"ListItem","position":2,"name":"Largometrajes Sombra 2025","item":"https:\/\/sombramadrid.com\/largometrajes-sombra-2025\/"},{"@type":"ListItem","position":3,"name":"Anatema | Sesi\u00f3n especial fuera de competici\u00f3n"}]},{"@type":"WebSite","@id":"https:\/\/sombramadrid.com\/#website","url":"https:\/\/sombramadrid.com\/","name":"Sombra Festival","description":"XIII Festival de Cine Fant\u00e1stico Europeo de Murcia, 8-17 MARZO 2024","publisher":{"@id":"https:\/\/sombramadrid.com\/#organization"},"potentialAction":[{"@type":"SearchAction","target":{"@type":"EntryPoint","urlTemplate":"https:\/\/sombramadrid.com\/?s={search_term_string}"},"query-input":{"@type":"PropertyValueSpecification","valueRequired":true,"valueName":"search_term_string"}}],"inLanguage":"en-GB"},{"@type":"Organization","@id":"https:\/\/sombramadrid.com\/#organization","name":"SOMBRA, IX FESTIVAL DE CINE FANTASTICO EUROPEO DE MURCIA","url":"https:\/\/sombramadrid.com\/","logo":{"@type":"ImageObject","inLanguage":"en-GB","@id":"https:\/\/sombramadrid.com\/#\/schema\/logo\/image\/","url":"https:\/\/sombramadrid.com\/wp-content\/uploads\/2019\/10\/Sombra-LogoIdentificador-Negativo.jpg","contentUrl":"https:\/\/sombramadrid.com\/wp-content\/uploads\/2019\/10\/Sombra-LogoIdentificador-Negativo.jpg","width":400,"height":400,"caption":"SOMBRA, IX FESTIVAL DE CINE FANTASTICO EUROPEO DE MURCIA"},"image":{"@id":"https:\/\/sombramadrid.com\/#\/schema\/logo\/image\/"},"sameAs":["https:\/\/www.facebook.com\/Sombra-Festival-De-CINE-Fantastico-Europeo-De-Murcia-175337032531429\/","https:\/\/x.com\/SombraFestival","https:\/\/www.instagram.com\/sombrafestival\/","https:\/\/www.youtube.com\/channel\/UCBdSJni9V30Tq4cGf4Lj0Ug?view_as=subscriber"]}]}},"_links":{"self":[{"href":"https:\/\/sombramadrid.com\/en\/wp-json\/wp\/v2\/pages\/6828","targetHints":{"allow":["GET"]}}],"collection":[{"href":"https:\/\/sombramadrid.com\/en\/wp-json\/wp\/v2\/pages"}],"about":[{"href":"https:\/\/sombramadrid.com\/en\/wp-json\/wp\/v2\/types\/page"}],"author":[{"embeddable":true,"href":"https:\/\/sombramadrid.com\/en\/wp-json\/wp\/v2\/users\/2"}],"replies":[{"embeddable":true,"href":"https:\/\/sombramadrid.com\/en\/wp-json\/wp\/v2\/comments?post=6828"}],"version-history":[{"count":12,"href":"https:\/\/sombramadrid.com\/en\/wp-json\/wp\/v2\/pages\/6828\/revisions"}],"predecessor-version":[{"id":7557,"href":"https:\/\/sombramadrid.com\/en\/wp-json\/wp\/v2\/pages\/6828\/revisions\/7557"}],"up":[{"embeddable":true,"href":"https:\/\/sombramadrid.com\/en\/wp-json\/wp\/v2\/pages\/6959"}],"wp:featuredmedia":[{"embeddable":true,"href":"https:\/\/sombramadrid.com\/en\/wp-json\/wp\/v2\/media\/6829"}],"wp:attachment":[{"href":"https:\/\/sombramadrid.com\/en\/wp-json\/wp\/v2\/media?parent=6828"}],"curies":[{"name":"wp","href":"https:\/\/api.w.org\/{rel}","templated":true}]}}